{"id":8049,"date":"2023-12-19T12:17:38","date_gmt":"2023-12-19T12:17:38","guid":{"rendered":"https:\/\/basetryp.tryplisboacaparica.com\/lisboa-caparica\/"},"modified":"2026-03-25T09:40:11","modified_gmt":"2026-03-25T09:40:11","slug":"madeira","status":"publish","type":"page","link":"https:\/\/www.meliamadeira.com\/fr\/madeira\/","title":{"rendered":"Madeira"},"content":{"rendered":"\t\t<div data-elementor-type=\"wp-page\" data-elementor-id=\"8049\" class=\"elementor elementor-8049 elementor-1997\" data-elementor-post-type=\"page\">\n\t\t\t\t<section class=\"elementor-element elementor-element-9d18320 e-con-full e-flex e-con e-parent\" data-id=\"9d18320\" data-element_type=\"container\" data-settings=\"{&quot;background_background&quot;:&quot;classic&quot;}\">\n\t\t<div class=\"elementor-element elementor-element-edc3c07 e-con-full e-flex e-con e-child\" data-id=\"edc3c07\" data-element_type=\"container\">\n\t\t\t\t<div class=\"elementor-element elementor-element-14f695f elementor-widget elementor-widget-heading\" data-id=\"14f695f\" data-element_type=\"widget\" data-widget_type=\"heading.default\">\n\t\t\t\t<div class=\"elementor-widget-container\">\n\t\t\t\t\t<h1 class=\"elementor-heading-title elementor-size-default\">Madeira<\/h1>\t\t\t\t<\/div>\n\t\t\t\t<\/div>\n\t\t\t\t<\/div>\n\t\t\t\t<\/section>\n\t\t<section class=\"elementor-element elementor-element-8e7a29a e-con-full e-flex e-con e-parent\" data-id=\"8e7a29a\" data-element_type=\"container\">\n\t\t\t\t<div class=\"elementor-element elementor-element-5428f0b elementor-widget elementor-widget-text-editor\" data-id=\"5428f0b\" data-element_type=\"widget\" data-widget_type=\"text-editor.default\">\n\t\t\t\t<div class=\"elementor-widget-container\">\n\t\t\t\t\t\t\t\t\t<div class=\"ewa-rteLine\"><div class=\"ewa-rteLine\"><div class=\"ewa-rteLine\">Situ\u00e9e dans l&#8217;oc\u00e9an Atlantique, l&#8217;\u00eele de Madeira est connue pour ses paysages \u00e9poustouflants et son climat doux tout au long de l&#8217;ann\u00e9e. Avec ses falaises impressionnantes, ses for\u00eats et ses fleurs exotiques, Madeira est une destination de r\u00eave pour les amoureux de la nature. La capitale, Funchal, est une ville anim\u00e9e qui m\u00eale histoire et modernit\u00e9. Fl\u00e2ner au Mercado dos Lavradores, visiter la cath\u00e9drale de Funchal et explorer les jardins botaniques ne sont que quelques-unes des attractions \u00e0 ne pas manquer.<\/div><div class=\"ewa-rteLine\">\u00a0<\/div><div class=\"ewa-rteLine\">L&#8217;\u00eele de Madeira est \u00e9galement c\u00e9l\u00e8bre pour ses levadas, des canaux d&#8217;irrigation qui serpentent \u00e0 travers les montagnes et les vall\u00e9es, offrant des sentiers panoramiques uniques. Pour les plus aventureux, le Pico Ruivo offre une randonn\u00e9e difficile avec des vues spectaculaires depuis le point le plus haut de l&#8217;\u00eele.<\/div><div class=\"ewa-rteLine\">\u00a0<\/div><div class=\"ewa-rteLine\">Madeira poss\u00e8de un riche patrimoine culturel, qui se refl\u00e8te dans ses festivals anim\u00e9s, tels que le carnaval et le festival des fleurs, qui attirent des visiteurs du monde entier. La gastronomie locale est un autre point fort, avec des plats traditionnels tels que le poisson sabre noir \u00e0 la banane et les brochettes mad\u00e9riennes. N&#8217;oublions pas le c\u00e9l\u00e8bre vin de Madeira, qui est appr\u00e9ci\u00e9 dans le monde entier.<\/div><div class=\"ewa-rteLine\">\u00a0<\/div><div class=\"ewa-rteLine\">Outre ses attraits naturels et culturels, Madeira est un excellent point de d\u00e9part pour explorer les \u00eeles voisines telles que Porto Santo, connue pour ses plages dor\u00e9es. Avec sa combinaison unique de beaut\u00e9 naturelle, de culture vibrante et de gastronomie d\u00e9licieuse, l&#8217;\u00eele de Madeira est une destination inoubliable pour tout voyageur.<\/div><\/div><\/div>\t\t\t\t\t\t\t\t<\/div>\n\t\t\t\t<\/div>\n\t\t\t\t<\/section>\n\t\t<div class=\"elementor-element elementor-element-484e8bf e-con-full e-flex e-con e-parent\" data-id=\"484e8bf\" data-element_type=\"container\">\n\t\t\t\t<div class=\"elementor-element elementor-element-5b88a1e elementor-widget elementor-widget-heading\" data-id=\"5b88a1e\" data-element_type=\"widget\" data-widget_type=\"heading.default\">\n\t\t\t\t<div class=\"elementor-widget-container\">\n\t\t\t\t\t<h5 class=\"elementor-heading-title elementor-size-default\">Galerie d'images<\/h5>\t\t\t\t<\/div>\n\t\t\t\t<\/div>\n\t\t\t\t<div class=\"elementor-element elementor-element-33fcce4 elementor-skin-carousel elementor-arrows-yes elementor-pagination-type-bullets elementor-pagination-position-outside elementor-widget elementor-widget-hoti-gallery-slider\" data-id=\"33fcce4\" data-element_type=\"widget\" data-settings=\"{&quot;slides_per_view&quot;:&quot;3&quot;,&quot;skin&quot;:&quot;carousel&quot;,&quot;effect&quot;:&quot;slide&quot;,&quot;show_arrows&quot;:&quot;yes&quot;,&quot;pagination&quot;:&quot;bullets&quot;,&quot;speed&quot;:500,&quot;autoplay&quot;:&quot;yes&quot;,&quot;autoplay_speed&quot;:5000,&quot;pause_on_hover&quot;:&quot;yes&quot;,&quot;pause_on_interaction&quot;:&quot;yes&quot;,&quot;space_between&quot;:{&quot;unit&quot;:&quot;px&quot;,&quot;size&quot;:10,&quot;sizes&quot;:[]},&quot;space_between_tablet_extra&quot;:{&quot;unit&quot;:&quot;px&quot;,&quot;size&quot;:10,&quot;sizes&quot;:[]},&quot;space_between_tablet&quot;:{&quot;unit&quot;:&quot;px&quot;,&quot;size&quot;:10,&quot;sizes&quot;:[]},&quot;space_between_mobile_extra&quot;:{&quot;unit&quot;:&quot;px&quot;,&quot;size&quot;:10,&quot;sizes&quot;:[]},&quot;space_between_mobile&quot;:{&quot;unit&quot;:&quot;px&quot;,&quot;size&quot;:10,&quot;sizes&quot;:[]}}\" data-widget_type=\"hoti-gallery-slider.default\">\n\t\t\t\t<div class=\"elementor-widget-container\">\n\t\t\t\t\t\t\t\t\t<div class=\"elementor-swiper\">\n\t\t\t\t\t<div class=\"elementor-main-swiper swiper\" role=\"region\" aria-roledescription=\"carousel\" aria-label=\"Slides\">\n\t\t\t\t<div class=\"swiper-wrapper\">\n\t\t\t\t\t\t\t\t\t\t\t<div class=\"swiper-slide\" role=\"group\" aria-roledescription=\"slide\">\n\t\t\t\t\t\t\t\t\t<div class=\"elementor-carousel-image landscape\" role=\"img\" aria-label=\"MMM_galeria_destino\" style=\"background-image: url(&#039;https:\/\/www.meliamadeira.com\/wp-content\/uploads\/sites\/22\/2024\/06\/MMM_galeria_destino.jpg&#039;)\">\r\n\r\n\t\t\t\r\n\t\t\t\t\t<\/div>\r\n\t\t\t\t\t\t\t\t<\/div>\n\t\t\t\t\t\t\t\t\t\t\t<div class=\"swiper-slide\" role=\"group\" aria-roledescription=\"slide\">\n\t\t\t\t\t\t\t\t\t<div class=\"elementor-carousel-image landscape\" role=\"img\" aria-label=\"MMM_galeria_destino_1\" style=\"background-image: url(&#039;https:\/\/www.meliamadeira.com\/wp-content\/uploads\/sites\/22\/2024\/06\/MMM_galeria_destino_1.jpg&#039;)\">\r\n\r\n\t\t\t\r\n\t\t\t\t\t<\/div>\r\n\t\t\t\t\t\t\t\t<\/div>\n\t\t\t\t\t\t\t\t\t\t\t<div class=\"swiper-slide\" role=\"group\" aria-roledescription=\"slide\">\n\t\t\t\t\t\t\t\t\t<div class=\"elementor-carousel-image landscape\" role=\"img\" aria-label=\"Galeria_home_MMM_2\" style=\"background-image: url(&#039;https:\/\/www.meliamadeira.com\/wp-content\/uploads\/sites\/22\/2023\/11\/Galeria_home_MMM_2.jpg&#039;)\">\r\n\r\n\t\t\t\r\n\t\t\t\t\t<\/div>\r\n\t\t\t\t\t\t\t\t<\/div>\n\t\t\t\t\t\t\t\t\t\t\t<div class=\"swiper-slide\" role=\"group\" aria-roledescription=\"slide\">\n\t\t\t\t\t\t\t\t\t<div class=\"elementor-carousel-image landscape\" role=\"img\" aria-label=\"Galeria_home_MMM_7\" style=\"background-image: url(&#039;https:\/\/www.meliamadeira.com\/wp-content\/uploads\/sites\/22\/2023\/11\/Galeria_home_MMM_7.jpg&#039;)\">\r\n\r\n\t\t\t\r\n\t\t\t\t\t<\/div>\r\n\t\t\t\t\t\t\t\t<\/div>\n\t\t\t\t\t\t\t\t\t\t\t<div class=\"swiper-slide\" role=\"group\" aria-roledescription=\"slide\">\n\t\t\t\t\t\t\t\t\t<div class=\"elementor-carousel-image landscape\" role=\"img\" aria-label=\"MMM_destino\" style=\"background-image: url(&#039;https:\/\/www.meliamadeira.com\/wp-content\/uploads\/sites\/22\/2023\/11\/AdobeStock_462428122.jpg&#039;)\">\r\n\r\n\t\t\t\r\n\t\t\t\t\t<\/div>\r\n\t\t\t\t\t\t\t\t<\/div>\n\t\t\t\t\t\t\t\t\t\t\t<div class=\"swiper-slide\" role=\"group\" aria-roledescription=\"slide\">\n\t\t\t\t\t\t\t\t\t<div class=\"elementor-carousel-image landscape\" role=\"img\" aria-label=\"Galeria_home_MMM_1\" style=\"background-image: url(&#039;https:\/\/www.meliamadeira.com\/wp-content\/uploads\/sites\/22\/2023\/11\/Galeria_home_MMM_1.jpg&#039;)\">\r\n\r\n\t\t\t\r\n\t\t\t\t\t<\/div>\r\n\t\t\t\t\t\t\t\t<\/div>\n\t\t\t\t\t\t\t\t\t<\/div>\n\t\t\t\t\t\t\t\t\t\t\t\t\t\t\t<div class=\"elementor-swiper-button elementor-swiper-button-prev\" role=\"button\" tabindex=\"0\" aria-label=\"Pr\u00e9c\u00e9dent\">\n\t\t\t\t\t\t\t<i aria-hidden=\"true\" class=\"eicon-chevron-left\"><\/i>\t\t\t\t\t\t<\/div>\n\t\t\t\t\t\t<div class=\"elementor-swiper-button elementor-swiper-button-next\" role=\"button\" tabindex=\"0\" aria-label=\"Suivant\">\n\t\t\t\t\t\t\t<i aria-hidden=\"true\" class=\"eicon-chevron-right\"><\/i>\t\t\t\t\t\t<\/div>\n\t\t\t\t\t\t\t\t\t\t\t\t\t\t\t\t<div class=\"swiper-pagination\"><\/div>\n\t\t\t\t\t\t\t\t\t\t\t\t<\/div>\n\t\t\t\t<\/div>\n\t\t\t\t\t\t\t\t<\/div>\n\t\t\t\t<\/div>\n\t\t\t\t<\/div>\n\t\t<section class=\"elementor-element elementor-element-5be6fa1 e-con-full e-flex e-con e-parent\" data-id=\"5be6fa1\" data-element_type=\"container\">\n\t\t<div class=\"elementor-element elementor-element-637ccd9 e-con-full e-flex e-con e-child\" data-id=\"637ccd9\" data-element_type=\"container\">\n\t\t<div class=\"elementor-element elementor-element-55df4ad e-con-full e-flex e-con e-child\" data-id=\"55df4ad\" data-element_type=\"container\">\n\t\t\t\t<div class=\"elementor-element elementor-element-650bc2a elementor-widget elementor-widget-heading\" data-id=\"650bc2a\" data-element_type=\"widget\" data-widget_type=\"heading.default\">\n\t\t\t\t<div class=\"elementor-widget-container\">\n\t\t\t\t\t<h2 class=\"elementor-heading-title elementor-size-default\">EXPLORER L' \u00eele<\/h2>\t\t\t\t<\/div>\n\t\t\t\t<\/div>\n\t\t\t\t<div class=\"elementor-element elementor-element-1062144 elementor-widget elementor-widget-heading\" data-id=\"1062144\" data-element_type=\"widget\" data-widget_type=\"heading.default\">\n\t\t\t\t<div class=\"elementor-widget-container\">\n\t\t\t\t\t<h2 class=\"elementor-heading-title elementor-size-default\">DE MADEIRA<\/h2>\t\t\t\t<\/div>\n\t\t\t\t<\/div>\n\t\t\t\t<div class=\"elementor-element elementor-element-da84be1 elementor-widget__width-initial elementor-widget elementor-widget-text-editor\" data-id=\"da84be1\" data-element_type=\"widget\" data-widget_type=\"text-editor.default\">\n\t\t\t\t<div class=\"elementor-widget-container\">\n\t\t\t\t\t\t\t\t\t<ul><li><div class=\"ewa-rteLine\">D\u00e9couvrez une \u00eele aux paysages luxuriants et au climat doux, o\u00f9 la nature \u00e9poustouflante c\u00f4toie le patrimoine culturel.<\/div><\/li><li><div class=\"ewa-rteLine\">Explorez les sentiers de levada et admirez les vues panoramiques sur le Pico Ruivo et d&#8217;autres points de vue spectaculaires.<\/div><\/li><li><div class=\"ewa-rteLine\">Visitez les jardins botaniques enchanteurs et promenez-vous dans les rues historiques de Funchal, la capitale de l&#8217;\u00eele.<\/div><\/li><li><div class=\"ewa-rteLine\">Participez aux festivals color\u00e9s et aux \u00e9v\u00e9nements culturels qui animent Madeira tout au long de l&#8217;ann\u00e9e, comme le carnaval et le festival des fleurs.<\/div><\/li><li><div class=\"ewa-rteLine\">Pour les amateurs de sport, Madeira offre une vari\u00e9t\u00e9 d&#8217;activit\u00e9s de plein air, notamment la randonn\u00e9e, le golf et les sports nautiques dans ses eaux cristallines.<\/div><\/li><li><div class=\"ewa-rteLine\">D\u00e9gustez des plats traditionnels tels que le poisson sabre noir \u00e0 la banane et les brochettes mad\u00e9riennes, et ne manquez pas de go\u00fbter au vin exclusif de Madeira.<\/div><\/li><\/ul>\t\t\t\t\t\t\t\t<\/div>\n\t\t\t\t<\/div>\n\t\t\t\t<\/div>\n\t\t\t\t<\/div>\n\t\t<div class=\"elementor-element elementor-element-65d27bb e-con-full e-flex e-con e-child\" data-id=\"65d27bb\" data-element_type=\"container\" data-settings=\"{&quot;background_background&quot;:&quot;classic&quot;}\">\n\t\t\t\t<div class=\"elementor-element elementor-element-bcfdf42 elementor-widget elementor-widget-spacer\" data-id=\"bcfdf42\" data-element_type=\"widget\" data-widget_type=\"spacer.default\">\n\t\t\t\t<div class=\"elementor-widget-container\">\n\t\t\t\t\t\t\t<div class=\"elementor-spacer\">\n\t\t\t<div class=\"elementor-spacer-inner\"><\/div>\n\t\t<\/div>\n\t\t\t\t\t\t<\/div>\n\t\t\t\t<\/div>\n\t\t\t\t<\/div>\n\t\t\t\t<\/section>\n\t\t<section class=\"elementor-element elementor-element-540cb73 e-con-full e-flex e-con e-parent\" data-id=\"540cb73\" data-element_type=\"container\">\n\t\t<div class=\"elementor-element elementor-element-e3e1f7c e-con-full e-flex e-con e-child\" data-id=\"e3e1f7c\" data-element_type=\"container\" data-settings=\"{&quot;background_background&quot;:&quot;classic&quot;}\">\n\t\t\t\t<div class=\"elementor-element elementor-element-917d9c4 elementor-widget elementor-widget-spacer\" data-id=\"917d9c4\" data-element_type=\"widget\" data-widget_type=\"spacer.default\">\n\t\t\t\t<div class=\"elementor-widget-container\">\n\t\t\t\t\t\t\t<div class=\"elementor-spacer\">\n\t\t\t<div class=\"elementor-spacer-inner\"><\/div>\n\t\t<\/div>\n\t\t\t\t\t\t<\/div>\n\t\t\t\t<\/div>\n\t\t\t\t<\/div>\n\t\t<div class=\"elementor-element elementor-element-75fb5c0 e-con-full e-flex e-con e-child\" data-id=\"75fb5c0\" data-element_type=\"container\">\n\t\t<div class=\"elementor-element elementor-element-5fdd577 e-con-full e-flex e-con e-child\" data-id=\"5fdd577\" data-element_type=\"container\">\n\t\t\t\t<div class=\"elementor-element elementor-element-3395003 elementor-widget elementor-widget-heading\" data-id=\"3395003\" data-element_type=\"widget\" data-widget_type=\"heading.default\">\n\t\t\t\t<div class=\"elementor-widget-container\">\n\t\t\t\t\t<h2 class=\"elementor-heading-title elementor-size-default\">SENTIR L'\u00eeLE<\/h2>\t\t\t\t<\/div>\n\t\t\t\t<\/div>\n\t\t\t\t<div class=\"elementor-element elementor-element-eb30610 elementor-widget elementor-widget-heading\" data-id=\"eb30610\" data-element_type=\"widget\" data-widget_type=\"heading.default\">\n\t\t\t\t<div class=\"elementor-widget-container\">\n\t\t\t\t\t<h2 class=\"elementor-heading-title elementor-size-default\"> DE MADEIRA<\/h2>\t\t\t\t<\/div>\n\t\t\t\t<\/div>\n\t\t\t\t<div class=\"elementor-element elementor-element-ca4faff elementor-widget elementor-widget-text-editor\" data-id=\"ca4faff\" data-element_type=\"widget\" data-widget_type=\"text-editor.default\">\n\t\t\t\t<div class=\"elementor-widget-container\">\n\t\t\t\t\t\t\t\t\t<p>Situ\u00e9e au milieu de l&#8217;oc\u00e9an Atlantique, Madeira est une \u00eele ancr\u00e9e dans la nature, la culture et la tradition. Surnomm\u00e9e la &#8220;Perle de l&#8217;Atlantique&#8221;, cette \u00eele offre une exp\u00e9rience unique \u00e0 ceux qui la visitent. Reconnue pour ses jardins, ses paysages et sa gastronomie impressionnants, Madeira est une \u00eele id\u00e9ale pour les activit\u00e9s de plein air telles que la randonn\u00e9e, mais aussi pour se d\u00e9tendre par une belle journ\u00e9e ensoleill\u00e9e. Pour les amateurs de cuisine, Madeira est un v\u00e9ritable paradis. Go\u00fbtez aux plats typiques tels que le bolo do caco, le kebab mad\u00e9rien, et savourez le c\u00e9l\u00e8bre vin de Madeira.<\/p>\t\t\t\t\t\t\t\t<\/div>\n\t\t\t\t<\/div>\n\t\t\t\t<\/div>\n\t\t\t\t<\/div>\n\t\t\t\t<\/section>\n\t\t<div class=\"elementor-element elementor-element-6d9b414 e-con-full e-flex e-con e-parent\" data-id=\"6d9b414\" data-element_type=\"container\">\n\t\t\t\t<div class=\"elementor-element elementor-element-cbaed58 elementor-widget elementor-widget-heading\" data-id=\"cbaed58\" data-element_type=\"widget\" data-widget_type=\"heading.default\">\n\t\t\t\t<div class=\"elementor-widget-container\">\n\t\t\t\t\t<h5 class=\"elementor-heading-title elementor-size-default\">Que voir et faire\n<\/h5>\t\t\t\t<\/div>\n\t\t\t\t<\/div>\n\t\t<div class=\"elementor-element elementor-element-b346bc2 e-con-full e-flex e-con e-child\" data-id=\"b346bc2\" data-element_type=\"container\">\n\t\t\t\t<div class=\"elementor-element elementor-element-6aba709 elementor-widget elementor-widget-n-carousel\" data-id=\"6aba709\" data-element_type=\"widget\" data-settings=\"{&quot;carousel_items&quot;:[{&quot;slide_title&quot;:&quot;Slide #1&quot;,&quot;_id&quot;:&quot;bc1ad8d&quot;},{&quot;slide_title&quot;:&quot;Slide #2&quot;,&quot;_id&quot;:&quot;817f723&quot;},{&quot;slide_title&quot;:&quot;Slide #3&quot;,&quot;_id&quot;:&quot;f0475f9&quot;},{&quot;_id&quot;:&quot;ca82639&quot;,&quot;slide_title&quot;:&quot;Slide #4&quot;},{&quot;_id&quot;:&quot;dcd3a53&quot;,&quot;slide_title&quot;:&quot;Slide #5&quot;},{&quot;_id&quot;:&quot;1ad02a3&quot;,&quot;slide_title&quot;:&quot;Slide #6&quot;},{&quot;_id&quot;:&quot;63a41e2&quot;,&quot;slide_title&quot;:&quot;Slide #7&quot;}],&quot;slides_to_show&quot;:&quot;4&quot;,&quot;image_spacing_custom&quot;:{&quot;unit&quot;:&quot;px&quot;,&quot;size&quot;:&quot;30&quot;,&quot;sizes&quot;:[]},&quot;slides_to_show_mobile_extra&quot;:&quot;1&quot;,&quot;slides_to_scroll_mobile_extra&quot;:&quot;1&quot;,&quot;slides_to_show_tablet&quot;:&quot;2&quot;,&quot;slides_to_show_mobile&quot;:&quot;1&quot;,&quot;autoplay&quot;:&quot;yes&quot;,&quot;autoplay_speed&quot;:5000,&quot;pause_on_hover&quot;:&quot;yes&quot;,&quot;pause_on_interaction&quot;:&quot;yes&quot;,&quot;speed&quot;:500,&quot;image_spacing_custom_tablet_extra&quot;:{&quot;unit&quot;:&quot;px&quot;,&quot;size&quot;:&quot;&quot;,&quot;sizes&quot;:[]},&quot;image_spacing_custom_tablet&quot;:{&quot;unit&quot;:&quot;px&quot;,&quot;size&quot;:&quot;&quot;,&quot;sizes&quot;:[]},&quot;image_spacing_custom_mobile_extra&quot;:{&quot;unit&quot;:&quot;px&quot;,&quot;size&quot;:&quot;&quot;,&quot;sizes&quot;:[]},&quot;image_spacing_custom_mobile&quot;:{&quot;unit&quot;:&quot;px&quot;,&quot;size&quot;:&quot;&quot;,&quot;sizes&quot;:[]}}\" data-widget_type=\"nested-carousel.default\">\n\t\t\t\t<div class=\"elementor-widget-container\">\n\t\t\t\t\t\t\t<div class=\"e-n-carousel swiper\" role=\"region\" aria-roledescription=\"carousel\" aria-label=\"Carousel\" dir=\"ltr\">\n\t\t\t<div class=\"swiper-wrapper\" aria-live=\"off\">\n\t\t\t\t\t\t\t\t\t\t<div class=\"swiper-slide\" data-slide=\"1\" role=\"group\" aria-roledescription=\"slide\" aria-label=\"1 sur 7\">\n\t\t\t\t\t\t\t<div class=\"elementor-element elementor-element-9682dfd e-flex e-con-boxed e-con e-child\" data-id=\"9682dfd\" data-element_type=\"container\">\n\t\t\t\t\t<div class=\"e-con-inner\">\n\t\t<div class=\"elementor-element elementor-element-f2b2fe1 e-con-full e-flex e-con e-child\" data-id=\"f2b2fe1\" data-element_type=\"container\">\n\t\t\t\t<div class=\"elementor-element elementor-element-a8408f9 elementor-widget__width-initial elementor-position-top elementor-widget elementor-widget-image-box\" data-id=\"a8408f9\" data-element_type=\"widget\" data-widget_type=\"image-box.default\">\n\t\t\t\t<div class=\"elementor-widget-container\">\n\t\t\t\t\t<div class=\"elementor-image-box-wrapper\"><figure class=\"elementor-image-box-img\"><img decoding=\"async\" src=\"https:\/\/www.meliamadeira.com\/wp-content\/uploads\/sites\/22\/elementor\/thumbs\/MMM_funchal_destino-1-qtzxsr8rdtbwe4p5clmyqydbrv5kcos2tyvqxlou2w.jpg\" title=\"MMM_funchal_destino.jpg\" alt=\"MMM_funchal_destino.jpg\" loading=\"lazy\" \/><\/figure><div class=\"elementor-image-box-content\"><h3 class=\"elementor-image-box-title\">Funchal<\/h3><p class=\"elementor-image-box-description\">La capitale de l'archipel est situ\u00e9e sur la c\u00f4te sud de l'\u00eele de Madeira, dans une magnifique baie baign\u00e9e par les eaux chaudes de l'oc\u00e9an Atlantique, entour\u00e9e de hautes montagnes verdoyantes et de vall\u00e9es profondes. D\u00e9couvrez ce qu'il faut voir et visiter \u00e0 Funchal et profitez au maximum de ce que le tourisme mad\u00e9rien a \u00e0 offrir.<\/p><\/div><\/div>\t\t\t\t<\/div>\n\t\t\t\t<\/div>\n\t\t\t\t<\/div>\n\t\t\t\t\t<\/div>\n\t\t\t\t<\/div>\n\t\t\t\t\t\t\t\t<\/div>\n\t\t\t\t\t\t\t\t\t\t\t<div class=\"swiper-slide\" data-slide=\"2\" role=\"group\" aria-roledescription=\"slide\" aria-label=\"2 sur 7\">\n\t\t\t\t\t\t\t<div class=\"elementor-element elementor-element-9908cb8 e-flex e-con-boxed e-con e-child\" data-id=\"9908cb8\" data-element_type=\"container\">\n\t\t\t\t\t<div class=\"e-con-inner\">\n\t\t\t\t<div class=\"elementor-element elementor-element-fff2e99 elementor-widget__width-initial elementor-position-top elementor-widget elementor-widget-image-box\" data-id=\"fff2e99\" data-element_type=\"widget\" data-widget_type=\"image-box.default\">\n\t\t\t\t<div class=\"elementor-widget-container\">\n\t\t\t\t\t<div class=\"elementor-image-box-wrapper\"><figure class=\"elementor-image-box-img\"><img decoding=\"async\" src=\"https:\/\/www.meliamadeira.com\/wp-content\/uploads\/sites\/22\/elementor\/thumbs\/MMM_destino_costa_oeste-1-qtzxsr8rdtbwe4p5clmyqydbrv5kcos2tyvqxlou2w.jpg\" title=\"MMM_destino_costa_oeste.jpg\" alt=\"MMM_destino_costa_oeste.jpg\" loading=\"lazy\" \/><\/figure><div class=\"elementor-image-box-content\"><h3 class=\"elementor-image-box-title\">Costa Oeste<\/h3><p class=\"elementor-image-box-description\">La c\u00f4te ouest est la partie la plus ensoleill\u00e9e de Mad\u00e8re.\nBaign\u00e9es par une mer claire et chaude, la plupart de ses localit\u00e9s ont des zones de baignade attrayantes qui vous invitent \u00e0 nager et \u00e0 faire de la plong\u00e9e avec masque et tuba. Les sportifs trouveront les meilleures vagues d'Europe pour le surf sur les plages de Jardim et Paul do Mar.\n\u00c0 visiter \u00e9galement : Ponta do Sol et C\u00e2mara de Lobos.<\/p><\/div><\/div>\t\t\t\t<\/div>\n\t\t\t\t<\/div>\n\t\t\t\t\t<\/div>\n\t\t\t\t<\/div>\n\t\t\t\t\t\t\t\t<\/div>\n\t\t\t\t\t\t\t\t\t\t\t<div class=\"swiper-slide\" data-slide=\"3\" role=\"group\" aria-roledescription=\"slide\" aria-label=\"3 sur 7\">\n\t\t\t\t\t\t\t<div class=\"elementor-element elementor-element-7504b82 e-flex e-con-boxed e-con e-child\" data-id=\"7504b82\" data-element_type=\"container\">\n\t\t\t\t\t<div class=\"e-con-inner\">\n\t\t\t\t<div class=\"elementor-element elementor-element-c145689 elementor-widget__width-initial elementor-position-top elementor-widget elementor-widget-image-box\" data-id=\"c145689\" data-element_type=\"widget\" data-widget_type=\"image-box.default\">\n\t\t\t\t<div class=\"elementor-widget-container\">\n\t\t\t\t\t<div class=\"elementor-image-box-wrapper\"><figure class=\"elementor-image-box-img\"><img decoding=\"async\" src=\"https:\/\/www.meliamadeira.com\/wp-content\/uploads\/sites\/22\/elementor\/thumbs\/MMM_destino_cestos-1-qtzxsr8rdtbwe4p5clmyqydbrv5kcos2tyvqxlou2w.jpg\" title=\"MMM_destino_cestos.jpg\" alt=\"MMM_destino_cestos.jpg\" loading=\"lazy\" \/><\/figure><div class=\"elementor-image-box-content\"><h3 class=\"elementor-image-box-title\">Cestos<\/h3><p class=\"elementor-image-box-description\">Les paniers de l'\u00eele de Mad\u00e8re, connus sous le nom de \"carros de cesto\", sont l'une des attractions les plus embl\u00e9matiques et traditionnelles de l'\u00eele. Originaires du XIXe si\u00e8cle, ces paniers en osier, mont\u00e9s sur des patins en bois, offrent une exp\u00e9rience unique et passionnante. Guid\u00e9s par des \"carreiros\" v\u00eatus de costumes traditionnels, les paniers glissent sur une route escarp\u00e9e de deux kilom\u00e8tres entre Monte et Funchal. Cette aventure palpitante ne procure pas seulement une pouss\u00e9e d'adr\u00e9naline, mais offre \u00e9galement des vues panoramiques \u00e0 couper le souffle, combinant tradition et plaisir en une seule exp\u00e9rience.<\/p><\/div><\/div>\t\t\t\t<\/div>\n\t\t\t\t<\/div>\n\t\t\t\t\t<\/div>\n\t\t\t\t<\/div>\n\t\t\t\t\t\t\t\t<\/div>\n\t\t\t\t\t\t\t\t\t\t\t<div class=\"swiper-slide\" data-slide=\"4\" role=\"group\" aria-roledescription=\"slide\" aria-label=\"4 sur 7\">\n\t\t\t\t\t\t\t<div class=\"elementor-element elementor-element-f6d25a8 e-flex e-con-boxed e-con e-child\" data-id=\"f6d25a8\" data-element_type=\"container\">\n\t\t\t\t\t<div class=\"e-con-inner\">\n\t\t\t\t<div class=\"elementor-element elementor-element-d694b7c elementor-widget__width-initial elementor-position-top elementor-widget elementor-widget-image-box\" data-id=\"d694b7c\" data-element_type=\"widget\" data-widget_type=\"image-box.default\">\n\t\t\t\t<div class=\"elementor-widget-container\">\n\t\t\t\t\t<div class=\"elementor-image-box-wrapper\"><figure class=\"elementor-image-box-img\"><img decoding=\"async\" src=\"https:\/\/www.meliamadeira.com\/wp-content\/uploads\/sites\/22\/elementor\/thumbs\/Galeria_home_MMM_6-qtzxsqax6zam2iqii38c6glv6ha74zochu89gbq894.jpg\" title=\"Galeria_home_MMM_6.jpg\" alt=\"Galeria_home_MMM_6.jpg\" loading=\"lazy\" \/><\/figure><div class=\"elementor-image-box-content\"><h3 class=\"elementor-image-box-title\">Jardins<\/h3><p class=\"elementor-image-box-description\">L'\u00eele de Mad\u00e8re est un paradis botanique, avec des jardins luxuriants pr\u00e9sentant une grande diversit\u00e9 de plantes exotiques et end\u00e9miques. Le jardin botanique de Mad\u00e8re, \u00e0 Funchal, offre des vues \u00e0 couper le souffle et une riche collection de flore. Le jardin tropical du Monte Palace enchante par ses plantes tropicales et ses \u00e9tangs ornementaux. Les jardins de Palheiro, ou Blandy's Garden, sont connus pour leurs cam\u00e9lias et leurs fleurs qui fleurissent toute l'ann\u00e9e. Chaque jardin est une oasis de beaut\u00e9 naturelle et de tranquillit\u00e9.<\/p><\/div><\/div>\t\t\t\t<\/div>\n\t\t\t\t<\/div>\n\t\t\t\t\t<\/div>\n\t\t\t\t<\/div>\n\t\t\t\t\t\t\t\t<\/div>\n\t\t\t\t\t\t\t\t\t\t\t<div class=\"swiper-slide\" data-slide=\"5\" role=\"group\" aria-roledescription=\"slide\" aria-label=\"5 sur 7\">\n\t\t\t\t\t\t\t<div class=\"elementor-element elementor-element-ca5f31d e-flex e-con-boxed e-con e-child\" data-id=\"ca5f31d\" data-element_type=\"container\">\n\t\t\t\t\t<div class=\"e-con-inner\">\n\t\t\t\t<div class=\"elementor-element elementor-element-5c056c8 elementor-widget__width-initial elementor-position-top elementor-widget elementor-widget-image-box\" data-id=\"5c056c8\" data-element_type=\"widget\" data-widget_type=\"image-box.default\">\n\t\t\t\t<div class=\"elementor-widget-container\">\n\t\t\t\t\t<div class=\"elementor-image-box-wrapper\"><figure class=\"elementor-image-box-img\"><img decoding=\"async\" src=\"https:\/\/www.meliamadeira.com\/wp-content\/uploads\/sites\/22\/elementor\/thumbs\/MMM_destino_pico-1-qtzxsr8rdtbwe4p5clmyqydbrv5kcos2tyvqxlou2w.jpg\" title=\"MMM_destino_pico.jpg\" alt=\"MMM_destino_pico.jpg\" loading=\"lazy\" \/><\/figure><div class=\"elementor-image-box-content\"><h3 class=\"elementor-image-box-title\">Pico<\/h3><p class=\"elementor-image-box-description\">Le Pico Ruivo, le point culminant de l'\u00eele de Mad\u00e8re, s'\u00e9l\u00e8ve majestueusement \u00e0 1 862 m\u00e8tres d'altitude, offrant des vues panoramiques spectaculaires sur toute l'\u00eele. Accessible par des sentiers difficiles, comme ceux du Pico do Arieiro, cette destination est un paradis pour les amoureux de la randonn\u00e9e et de la nature. Au sommet, la sensation d'\u00eatre au-dessus des nuages est indescriptible, offrant une r\u00e9compense in\u00e9gal\u00e9e \u00e0 tous ceux qui s'aventurent \u00e0 la conqu\u00e9rir.<\/p><\/div><\/div>\t\t\t\t<\/div>\n\t\t\t\t<\/div>\n\t\t\t\t\t<\/div>\n\t\t\t\t<\/div>\n\t\t\t\t\t\t\t\t<\/div>\n\t\t\t\t\t\t\t\t\t\t\t<div class=\"swiper-slide\" data-slide=\"6\" role=\"group\" aria-roledescription=\"slide\" aria-label=\"6 sur 7\">\n\t\t\t\t\t\t\t<div class=\"elementor-element elementor-element-bf8f485 e-flex e-con-boxed e-con e-child\" data-id=\"bf8f485\" data-element_type=\"container\">\n\t\t\t\t\t<div class=\"e-con-inner\">\n\t\t\t\t<div class=\"elementor-element elementor-element-9b7288f elementor-widget__width-initial elementor-position-top elementor-widget elementor-widget-image-box\" data-id=\"9b7288f\" data-element_type=\"widget\" data-widget_type=\"image-box.default\">\n\t\t\t\t<div class=\"elementor-widget-container\">\n\t\t\t\t\t<div class=\"elementor-image-box-wrapper\"><figure class=\"elementor-image-box-img\"><img decoding=\"async\" src=\"https:\/\/www.meliamadeira.com\/wp-content\/uploads\/sites\/22\/elementor\/thumbs\/MMM_destino_teleferico-1-qtzxsr8rdtbwe4p5clmyqydbrv5kcos2tyvqxlou2w.jpg\" title=\"MMM_destino_teleferico.jpg\" alt=\"MMM_destino_teleferico.jpg\" loading=\"lazy\" \/><\/figure><div class=\"elementor-image-box-content\"><h3 class=\"elementor-image-box-title\">Teleph\u00e9rique<\/h3><p class=\"elementor-image-box-description\">Le t\u00e9l\u00e9ph\u00e9rique de l'\u00eele de Mad\u00e8re offre une exp\u00e9rience inoubliable, reliant la ville de Funchal \u00e0 l'enchanteresse Monte. Pendant le trajet, les passagers b\u00e9n\u00e9ficient de vues panoramiques \u00e0 couper le souffle sur la ville, la mer et la v\u00e9g\u00e9tation luxuriante de l'\u00eele. Ce voyage en t\u00e9l\u00e9ph\u00e9rique n'est pas seulement un moyen relaxant et pittoresque d'explorer Mad\u00e8re, c'est aussi une occasion unique d'appr\u00e9cier la beaut\u00e9 naturelle et la diversit\u00e9 des paysages de cette destination paradisiaque.<\/p><\/div><\/div>\t\t\t\t<\/div>\n\t\t\t\t<\/div>\n\t\t\t\t\t<\/div>\n\t\t\t\t<\/div>\n\t\t\t\t\t\t\t\t<\/div>\n\t\t\t\t\t\t\t\t\t\t\t<div class=\"swiper-slide\" data-slide=\"7\" role=\"group\" aria-roledescription=\"slide\" aria-label=\"7 sur 7\">\n\t\t\t\t\t\t\t<div class=\"elementor-element elementor-element-618e3e8 e-flex e-con-boxed e-con e-child\" data-id=\"618e3e8\" data-element_type=\"container\">\n\t\t\t\t\t<div class=\"e-con-inner\">\n\t\t\t\t<div class=\"elementor-element elementor-element-e215ba3 elementor-widget__width-initial elementor-position-top elementor-widget elementor-widget-image-box\" data-id=\"e215ba3\" data-element_type=\"widget\" data-widget_type=\"image-box.default\">\n\t\t\t\t<div class=\"elementor-widget-container\">\n\t\t\t\t\t<div class=\"elementor-image-box-wrapper\"><figure class=\"elementor-image-box-img\"><img decoding=\"async\" src=\"https:\/\/www.meliamadeira.com\/wp-content\/uploads\/sites\/22\/elementor\/thumbs\/MMM_destino_golf-1-qtzxsr8rdtbwe4p5clmyqydbrv5kcos2tyvqxlou2w.jpg\" title=\"MMM_destino_golf.jpg\" alt=\"MMM_destino_golf.jpg\" loading=\"lazy\" \/><\/figure><div class=\"elementor-image-box-content\"><h3 class=\"elementor-image-box-title\">Golf<\/h3><p class=\"elementor-image-box-description\">Le climat doux des deux \u00eeles, id\u00e9al pour le golf tout au long de l'ann\u00e9e, et la beaut\u00e9 exceptionnelle des paysages ont permis la construction de deux terrains de golf \u00e0 Mad\u00e8re et d'un \u00e0 Porto Santo. Depuis 1993, l'Open de Mad\u00e8re, qui fait partie int\u00e9grante du PGA European Tour, se d\u00e9roule dans l'archipel au d\u00e9but du printemps.<\/p><\/div><\/div>\t\t\t\t<\/div>\n\t\t\t\t<\/div>\n\t\t\t\t\t<\/div>\n\t\t\t\t<\/div>\n\t\t\t\t\t\t\t\t<\/div>\n\t\t\t\t\t\t\t\t<\/div>\n\t\t<\/div>\n\t\t\t\t\t\t<\/div>\n\t\t\t\t<\/div>\n\t\t\t\t<\/div>\n\t\t\t\t<\/div>\n\t\t<div class=\"elementor-element elementor-element-ef147e1 e-con-full e-flex e-con e-parent\" data-id=\"ef147e1\" data-element_type=\"container\">\n\t\t\t\t<div class=\"elementor-element elementor-element-77cc4b2 elementor-widget elementor-widget-heading\" data-id=\"77cc4b2\" data-element_type=\"widget\" data-widget_type=\"heading.default\">\n\t\t\t\t<div class=\"elementor-widget-container\">\n\t\t\t\t\t<h5 class=\"elementor-heading-title elementor-size-default\">Comment arriver \u00e0 l'h\u00f4tel<\/h5>\t\t\t\t<\/div>\n\t\t\t\t<\/div>\n\t\t\t\t<\/div>\n\t\t<section class=\"elementor-element elementor-element-6ecac3e e-con-full e-flex e-con e-parent\" data-id=\"6ecac3e\" data-element_type=\"container\">\n\t\t<div class=\"elementor-element elementor-element-741bb67 e-con-full e-flex e-con e-child\" data-id=\"741bb67\" data-element_type=\"container\">\n\t\t\t\t<div class=\"elementor-element elementor-element-4093eb6 elementor-widget__width-initial elementor-view-default elementor-position-top elementor-mobile-position-top elementor-widget elementor-widget-icon-box\" data-id=\"4093eb6\" data-element_type=\"widget\" data-widget_type=\"icon-box.default\">\n\t\t\t\t<div class=\"elementor-widget-container\">\n\t\t\t\t\t\t\t<div class=\"elementor-icon-box-wrapper\">\n\n\t\t\t\t\t\t<div class=\"elementor-icon-box-icon\">\n\t\t\t\t<span  class=\"elementor-icon\">\n\t\t\t\t<i aria-hidden=\"true\" class=\"fal fa-plane-arrival\"><\/i>\t\t\t\t<\/span>\n\t\t\t<\/div>\n\t\t\t\n\t\t\t\t\t\t<div class=\"elementor-icon-box-content\">\n\n\t\t\t\t\t\t\t\t\t<h3 class=\"elementor-icon-box-title\">\n\t\t\t\t\t\t<span  >\n\t\t\t\t\t\t\tPar avion\t\t\t\t\t\t<\/span>\n\t\t\t\t\t<\/h3>\n\t\t\t\t\n\t\t\t\t\t\t\t\t\t<p class=\"elementor-icon-box-description\">\n\t\t\t\t\t\tConnect\u00e9 \u00e0 45 a\u00e9roports et pouvant accueillir 3 500 000 passagers, l'a\u00e9roport de Mad\u00e8re est une infrastructure moderne, s\u00fbre et fonctionnelle o\u00f9 la disponibilit\u00e9 et la qualit\u00e9 des services garantissent un excellent s\u00e9jour \u00e0 ses passagers.\nLes liaisons quotidiennes entre les villes de Lisbonne et de Funchal durent 1h25m.\nLes liaisons quotidiennes entre les \u00eeles durent environ 15 minutes.\nIl y a deux a\u00e9roports dans l'archipel : l'a\u00e9roport international de Mad\u00e8re et l'a\u00e9roport de Porto Santo.\nL'h\u00f4tel dispose d'informations actualis\u00e9es sur les vols arrivant et partant de Funchal et peut \u00e9galement organiser des transferts pour les clients. Contactez la r\u00e9ception ou demandez plus d'informations.\n\t\t\t\t\t<\/p>\n\t\t\t\t\n\t\t\t<\/div>\n\t\t\t\n\t\t<\/div>\n\t\t\t\t\t\t<\/div>\n\t\t\t\t<\/div>\n\t\t\t\t<\/div>\n\t\t<div class=\"elementor-element elementor-element-8000df8 e-con-full e-flex e-con e-child\" data-id=\"8000df8\" data-element_type=\"container\">\n\t\t\t\t<div class=\"elementor-element elementor-element-ba2ca3b elementor-widget__width-initial elementor-view-default elementor-position-top elementor-mobile-position-top elementor-widget elementor-widget-icon-box\" data-id=\"ba2ca3b\" data-element_type=\"widget\" data-widget_type=\"icon-box.default\">\n\t\t\t\t<div class=\"elementor-widget-container\">\n\t\t\t\t\t\t\t<div class=\"elementor-icon-box-wrapper\">\n\n\t\t\t\t\t\t<div class=\"elementor-icon-box-icon\">\n\t\t\t\t<span  class=\"elementor-icon\">\n\t\t\t\t<i aria-hidden=\"true\" class=\"fal fa-bus-alt\"><\/i>\t\t\t\t<\/span>\n\t\t\t<\/div>\n\t\t\t\n\t\t\t\t\t\t<div class=\"elementor-icon-box-content\">\n\n\t\t\t\t\t\t\t\t\t<h3 class=\"elementor-icon-box-title\">\n\t\t\t\t\t\t<span  >\n\t\t\t\t\t\t\tBus\t\t\t\t\t\t<\/span>\n\t\t\t\t\t<\/h3>\n\t\t\t\t\n\t\t\t\t\t\t\t\t\t<p class=\"elementor-icon-box-description\">\n\t\t\t\t\t\tSi vous pr\u00e9f\u00e9rez utiliser les transports publics, plusieurs compagnies de bus peuvent vous conduire aux principales attractions touristiques \u00e0 moindre co\u00fbt.\nToutes ces compagnies ont leurs terminaux \u00e0 Funchal et sont donc facilement accessibles.\t\t\t\t\t<\/p>\n\t\t\t\t\n\t\t\t<\/div>\n\t\t\t\n\t\t<\/div>\n\t\t\t\t\t\t<\/div>\n\t\t\t\t<\/div>\n\t\t\t\t<\/div>\n\t\t<div class=\"elementor-element elementor-element-c520569 e-con-full e-flex e-con e-child\" data-id=\"c520569\" data-element_type=\"container\">\n\t\t\t\t<div class=\"elementor-element elementor-element-262a63b elementor-widget__width-initial elementor-view-default elementor-position-top elementor-mobile-position-top elementor-widget elementor-widget-icon-box\" data-id=\"262a63b\" data-element_type=\"widget\" data-widget_type=\"icon-box.default\">\n\t\t\t\t<div class=\"elementor-widget-container\">\n\t\t\t\t\t\t\t<div class=\"elementor-icon-box-wrapper\">\n\n\t\t\t\t\t\t<div class=\"elementor-icon-box-icon\">\n\t\t\t\t<span  class=\"elementor-icon\">\n\t\t\t\t<i aria-hidden=\"true\" class=\"fal fa-taxi\"><\/i>\t\t\t\t<\/span>\n\t\t\t<\/div>\n\t\t\t\n\t\t\t\t\t\t<div class=\"elementor-icon-box-content\">\n\n\t\t\t\t\t\t\t\t\t<h3 class=\"elementor-icon-box-title\">\n\t\t\t\t\t\t<span  >\n\t\t\t\t\t\t\tTaxi\t\t\t\t\t\t<\/span>\n\t\t\t\t\t<\/h3>\n\t\t\t\t\n\t\t\t\t\t\t\t\t\t<p class=\"elementor-icon-box-description\">\n\t\t\t\t\t\tDes taxis sont disponibles dans les a\u00e9roports de Mad\u00e8re et de Porto Santo, dans tous les principaux h\u00f4tels et dans plusieurs rues et places. Demandez des informations sur les tarifs avant de prendre un taxi.\t\t\t\t\t<\/p>\n\t\t\t\t\n\t\t\t<\/div>\n\t\t\t\n\t\t<\/div>\n\t\t\t\t\t\t<\/div>\n\t\t\t\t<\/div>\n\t\t\t\t<\/div>\n\t\t<div class=\"elementor-element elementor-element-2e3e7f3 e-con-full e-flex e-con e-child\" data-id=\"2e3e7f3\" data-element_type=\"container\">\n\t\t\t\t<div class=\"elementor-element elementor-element-a47de37 elementor-widget__width-initial elementor-view-default elementor-position-top elementor-mobile-position-top elementor-widget elementor-widget-icon-box\" data-id=\"a47de37\" data-element_type=\"widget\" data-widget_type=\"icon-box.default\">\n\t\t\t\t<div class=\"elementor-widget-container\">\n\t\t\t\t\t\t\t<div class=\"elementor-icon-box-wrapper\">\n\n\t\t\t\t\t\t<div class=\"elementor-icon-box-icon\">\n\t\t\t\t<span  class=\"elementor-icon\">\n\t\t\t\t<i aria-hidden=\"true\" class=\"fal fa-car\"><\/i>\t\t\t\t<\/span>\n\t\t\t<\/div>\n\t\t\t\n\t\t\t\t\t\t<div class=\"elementor-icon-box-content\">\n\n\t\t\t\t\t\t\t\t\t<h3 class=\"elementor-icon-box-title\">\n\t\t\t\t\t\t<span  >\n\t\t\t\t\t\t\tRent-a-Car\t\t\t\t\t\t<\/span>\n\t\t\t\t\t<\/h3>\n\t\t\t\t\n\t\t\t\t\t\t\t\t\t<p class=\"elementor-icon-box-description\">\n\t\t\t\t\t\tSi vous ne voulez pas \u00eatre tributaire des horaires, l'\u00eele dispose d'un large \u00e9ventail de soci\u00e9t\u00e9s de location de voitures sans chauffeur.\nVous pouvez vous adresser \u00e0 votre agence de voyage ou \u00e0 l'h\u00f4tel o\u00f9 vous s\u00e9journerez.\t\t\t\t\t<\/p>\n\t\t\t\t\n\t\t\t<\/div>\n\t\t\t\n\t\t<\/div>\n\t\t\t\t\t\t<\/div>\n\t\t\t\t<\/div>\n\t\t\t\t<\/div>\n\t\t\t\t<\/section>\n\t\t<section class=\"elementor-element elementor-element-71af052 e-con-full e-flex e-con e-parent\" data-id=\"71af052\" data-element_type=\"container\">\n\t\t<div class=\"elementor-element elementor-element-d613357 e-con-full e-flex e-con e-child\" data-id=\"d613357\" data-element_type=\"container\">\n\t\t<div class=\"elementor-element elementor-element-97f47e6 e-con-full e-flex e-con e-child\" data-id=\"97f47e6\" data-element_type=\"container\">\n\t\t<div class=\"elementor-element elementor-element-2a90fad e-con-full e-flex e-con e-child\" data-id=\"2a90fad\" data-element_type=\"container\">\n\t\t\t\t<div class=\"elementor-element elementor-element-a5afca3 elementor-widget elementor-widget-heading\" data-id=\"a5afca3\" data-element_type=\"widget\" data-widget_type=\"heading.default\">\n\t\t\t\t<div class=\"elementor-widget-container\">\n\t\t\t\t\t<h2 class=\"elementor-heading-title elementor-size-default\">\u00c9V\u00c8NEMENTS<\/h2>\t\t\t\t<\/div>\n\t\t\t\t<\/div>\n\t\t\t\t<div class=\"elementor-element elementor-element-217b1b5 elementor-widget elementor-widget-heading\" data-id=\"217b1b5\" data-element_type=\"widget\" data-widget_type=\"heading.default\">\n\t\t\t\t<div class=\"elementor-widget-container\">\n\t\t\t\t\t<h2 class=\"elementor-heading-title elementor-size-default\">\u00c0 Mad\u00e8re<\/h2>\t\t\t\t<\/div>\n\t\t\t\t<\/div>\n\t\t\t\t<\/div>\n\t\t\t\t<\/div>\n\t\t<div class=\"elementor-element elementor-element-e977b68 e-con-full e-flex e-con e-child\" data-id=\"e977b68\" data-element_type=\"container\">\n\t\t\t\t<div class=\"elementor-element elementor-element-47b9416 elementor-widget elementor-widget-n-carousel\" data-id=\"47b9416\" data-element_type=\"widget\" data-settings=\"{&quot;carousel_items&quot;:[{&quot;slide_title&quot;:&quot;Slide #1&quot;,&quot;_id&quot;:&quot;bc1ad8d&quot;},{&quot;slide_title&quot;:&quot;Slide #2&quot;,&quot;_id&quot;:&quot;817f723&quot;},{&quot;_id&quot;:&quot;3d1c125&quot;,&quot;slide_title&quot;:&quot;Slide #3&quot;}],&quot;slides_to_show&quot;:&quot;3&quot;,&quot;image_spacing_custom&quot;:{&quot;unit&quot;:&quot;px&quot;,&quot;size&quot;:&quot;30&quot;,&quot;sizes&quot;:[]},&quot;slides_to_show_mobile_extra&quot;:&quot;1&quot;,&quot;slides_to_scroll_mobile_extra&quot;:&quot;1&quot;,&quot;slides_to_show_tablet&quot;:&quot;2&quot;,&quot;slides_to_show_mobile&quot;:&quot;1&quot;,&quot;autoplay&quot;:&quot;yes&quot;,&quot;autoplay_speed&quot;:5000,&quot;pause_on_hover&quot;:&quot;yes&quot;,&quot;pause_on_interaction&quot;:&quot;yes&quot;,&quot;speed&quot;:500,&quot;image_spacing_custom_tablet_extra&quot;:{&quot;unit&quot;:&quot;px&quot;,&quot;size&quot;:&quot;&quot;,&quot;sizes&quot;:[]},&quot;image_spacing_custom_tablet&quot;:{&quot;unit&quot;:&quot;px&quot;,&quot;size&quot;:&quot;&quot;,&quot;sizes&quot;:[]},&quot;image_spacing_custom_mobile_extra&quot;:{&quot;unit&quot;:&quot;px&quot;,&quot;size&quot;:&quot;&quot;,&quot;sizes&quot;:[]},&quot;image_spacing_custom_mobile&quot;:{&quot;unit&quot;:&quot;px&quot;,&quot;size&quot;:&quot;&quot;,&quot;sizes&quot;:[]}}\" data-widget_type=\"nested-carousel.default\">\n\t\t\t\t<div class=\"elementor-widget-container\">\n\t\t\t\t\t\t\t<div class=\"e-n-carousel swiper\" role=\"region\" aria-roledescription=\"carousel\" aria-label=\"Carousel\" dir=\"ltr\">\n\t\t\t<div class=\"swiper-wrapper\" aria-live=\"off\">\n\t\t\t\t\t\t\t\t\t\t<div class=\"swiper-slide\" data-slide=\"1\" role=\"group\" aria-roledescription=\"slide\" aria-label=\"1 sur 3\">\n\t\t\t\t\t\t\t<div class=\"elementor-element elementor-element-9fb2a86 e-flex e-con-boxed e-con e-child\" data-id=\"9fb2a86\" data-element_type=\"container\">\n\t\t\t\t\t<div class=\"e-con-inner\">\n\t\t<div class=\"elementor-element elementor-element-85cfdab e-con-full e-flex e-con e-child\" data-id=\"85cfdab\" data-element_type=\"container\">\n\t\t\t\t<div class=\"elementor-element elementor-element-31efe25 elementor-widget__width-initial elementor-position-top elementor-widget elementor-widget-image-box\" data-id=\"31efe25\" data-element_type=\"widget\" data-widget_type=\"image-box.default\">\n\t\t\t\t<div class=\"elementor-widget-container\">\n\t\t\t\t\t<div class=\"elementor-image-box-wrapper\"><figure class=\"elementor-image-box-img\"><img decoding=\"async\" src=\"https:\/\/www.meliamadeira.com\/wp-content\/uploads\/sites\/22\/elementor\/thumbs\/MMM_destino_3-1-qtzxsr8rbme3u25ocgj12i7wqov6ze7uo1xdq6hq14.jpg\" title=\"MMM_destino_3.jpg\" alt=\"MMM_destino_3.jpg\" loading=\"lazy\" \/><\/figure><div class=\"elementor-image-box-content\"><h3 class=\"elementor-image-box-title\">Madeira Walking Festival<\/h3><p class=\"elementor-image-box-description\">Si vous aimez marcher, venez \u00e0 Mad\u00e8re en janvier et participez \u00e0 un festival qui vous fera d\u00e9couvrir des paysages \u00e0 couper le souffle. Cet \u00e9v\u00e9nement, qui se d\u00e9roule pendant cinq jours cons\u00e9cutifs \u00e0 travers les levadas et les sentiers des \u00eeles de Mad\u00e8re et de Porto Santo, est un programme organis\u00e9 de promenades en groupe accompagn\u00e9es par des guides experts.\nVingt itin\u00e9raires de randonn\u00e9e ont \u00e9t\u00e9 s\u00e9lectionn\u00e9s, tous class\u00e9s et recommand\u00e9s par le gouvernement r\u00e9gional de Mad\u00e8re. Les participants ont le choix entre quatre promenades par jour, avec diff\u00e9rents niveaux de difficult\u00e9 et de dur\u00e9e.<\/p><\/div><\/div>\t\t\t\t<\/div>\n\t\t\t\t<\/div>\n\t\t\t\t<\/div>\n\t\t\t\t\t<\/div>\n\t\t\t\t<\/div>\n\t\t\t\t\t\t\t\t<\/div>\n\t\t\t\t\t\t\t\t\t\t\t<div class=\"swiper-slide\" data-slide=\"2\" role=\"group\" aria-roledescription=\"slide\" aria-label=\"2 sur 3\">\n\t\t\t\t\t\t\t<div class=\"elementor-element elementor-element-f563e08 e-flex e-con-boxed e-con e-child\" data-id=\"f563e08\" data-element_type=\"container\">\n\t\t\t\t\t<div class=\"e-con-inner\">\n\t\t\t\t<div class=\"elementor-element elementor-element-b36fa8e elementor-widget__width-initial elementor-position-top elementor-widget elementor-widget-image-box\" data-id=\"b36fa8e\" data-element_type=\"widget\" data-widget_type=\"image-box.default\">\n\t\t\t\t<div class=\"elementor-widget-container\">\n\t\t\t\t\t<div class=\"elementor-image-box-wrapper\"><figure class=\"elementor-image-box-img\"><img decoding=\"async\" src=\"https:\/\/www.meliamadeira.com\/wp-content\/uploads\/sites\/22\/elementor\/thumbs\/MMM_destino_5-1-qtzxsr8rbme3u25ocgj12i7wqov6ze7uo1xdq6hq14.jpg\" title=\"MMM_destino_5.jpg\" alt=\"MMM_destino_5.jpg\" loading=\"lazy\" \/><\/figure><div class=\"elementor-image-box-content\"><h3 class=\"elementor-image-box-title\">F\u00eates des Fleurs<\/h3><p class=\"elementor-image-box-description\">Chaque ann\u00e9e, des festivit\u00e9s sont organis\u00e9es en l'honneur des fleurs de Mad\u00e8re.\n\u00c0 l'occasion du festival des fleurs, les rues principales de Funchal sont envahies par un d\u00e9fil\u00e9 de chars pr\u00e9sentant une multitude d'esp\u00e8ces florales, laissant de doux parfums dans l'air.\nLa veille de la parade florale, des milliers d'enfants se rassemblent sur la Pra\u00e7a do Munic\u00edpio, o\u00f9 ils d\u00e9posent une fleur pour construire ce que l'on appelle le \"mur de l'espoir\".\nParall\u00e8lement \u00e0 ces \u00e9v\u00e9nements, diverses initiatives sont organis\u00e9es, notamment la construction de tapis floraux, l'exposition de fleurs \u00e0 Largo da Restaura\u00e7\u00e3o, des spectacles de groupes folkloriques, des concerts de musique classique et divers spectacles de vari\u00e9t\u00e9s.\nL'h\u00f4tel Melia Madeira Mare a pr\u00e9par\u00e9 un programme sp\u00e9cialement con\u00e7u pour profiter pleinement des festivit\u00e9s.<\/p><\/div><\/div>\t\t\t\t<\/div>\n\t\t\t\t<\/div>\n\t\t\t\t\t<\/div>\n\t\t\t\t<\/div>\n\t\t\t\t\t\t\t\t<\/div>\n\t\t\t\t\t\t\t\t\t\t\t<div class=\"swiper-slide\" data-slide=\"3\" role=\"group\" aria-roledescription=\"slide\" aria-label=\"3 sur 3\">\n\t\t\t\t\t\t\t<div class=\"elementor-element elementor-element-874a458 e-flex e-con-boxed e-con e-child\" data-id=\"874a458\" data-element_type=\"container\">\n\t\t\t\t\t<div class=\"e-con-inner\">\n\t\t\t\t<div class=\"elementor-element elementor-element-4d75cef elementor-widget__width-initial elementor-position-top elementor-widget elementor-widget-image-box\" data-id=\"4d75cef\" data-element_type=\"widget\" data-widget_type=\"image-box.default\">\n\t\t\t\t<div class=\"elementor-widget-container\">\n\t\t\t\t\t<div class=\"elementor-image-box-wrapper\"><figure class=\"elementor-image-box-img\"><img decoding=\"async\" src=\"https:\/\/www.meliamadeira.com\/wp-content\/uploads\/sites\/22\/elementor\/thumbs\/MMM_destino_6-1-qtzxsr8rbme3u25ocgj12i7wqov6ze7uo1xdq6hq14.jpg\" title=\"MMM_destino_6.jpg\" alt=\"MMM_destino_6.jpg\" loading=\"lazy\" \/><\/figure><div class=\"elementor-image-box-content\"><h3 class=\"elementor-image-box-title\">Fin de l'ann\u00e9e \u00e0 Mad\u00e8re<\/h3><p class=\"elementor-image-box-description\">Le 31 d\u00e9cembre, aux douze coups de minuit, le ciel s'illumine de feu, de couleurs et d'espoir pour l'ann\u00e9e \u00e0 venir, qui ne pouvait pas mieux commencer. Guinness World RecordsTM, l'organisation qui certifie les records du monde, a d\u00e9cern\u00e9 au feu d'artifice de la Saint-Sylvestre de Mad\u00e8re le titre de \"plus grand spectacle pyrotechnique du monde\". Une ellipse de feux d'artifice de 6 kilom\u00e8tres de long et de 2,7 kilom\u00e8tres de large autour de la ville de Funchal a \u00e9t\u00e9 le record atteint.\nL'h\u00f4tel Melia Madeira Mare a pr\u00e9par\u00e9 un programme con\u00e7u pour vous aider \u00e0 passer un fantastique r\u00e9veillon \u00e0 Mad\u00e8re.<\/p><\/div><\/div>\t\t\t\t<\/div>\n\t\t\t\t<\/div>\n\t\t\t\t\t<\/div>\n\t\t\t\t<\/div>\n\t\t\t\t\t\t\t\t<\/div>\n\t\t\t\t\t\t\t\t<\/div>\n\t\t<\/div>\n\t\t\t\t\t\t<\/div>\n\t\t\t\t<\/div>\n\t\t\t\t<\/div>\n\t\t\t\t<\/div>\n\t\t\t\t<\/section>\n\t\t\t\t<\/div>\n\t\t","protected":false},"excerpt":{"rendered":"<p>Madeira Situ\u00e9e dans l&#8217;oc\u00e9an Atlantique, l&#8217;\u00eele de Madeira est connue pour ses paysages \u00e9poustouflants et son climat doux tout au long de l&#8217;ann\u00e9e. Avec ses falaises impressionnantes, ses for\u00eats et ses fleurs exotiques, Madeira est une destination de r\u00eave pour les amoureux de la nature. La capitale, Funchal, est une ville anim\u00e9e qui m\u00eale histoire [&hellip;]<\/p>\n","protected":false},"author":1,"featured_media":0,"parent":0,"menu_order":0,"comment_status":"closed","ping_status":"closed","template":"","meta":{"_acf_changed":false,"footnotes":""},"class_list":["post-8049","page","type-page","status-publish","hentry"],"acf":[],"yoast_head":"<!-- This site is optimized with the Yoast SEO plugin v24.5 - https:\/\/yoast.com\/wordpress\/plugins\/seo\/ -->\n<title>Madeira - Melia Madeira Mare<\/title>\n<meta name=\"description\" content=\"Com pre\u00e7os incr\u00edveis, o Hotel Meli\u00e1 Madeira Mare est\u00e1 apenas a dez minutos do centro do Funchal com uma vista deslumbrante sobre o Atl\u00e2ntico.\" \/>\n<meta name=\"robots\" content=\"index, follow, max-snippet:-1, max-image-preview:large, max-video-preview:-1\" \/>\n<link rel=\"canonical\" href=\"https:\/\/www.meliamadeira.com\/fr\/madeira\/\" \/>\n<meta property=\"og:locale\" content=\"fr_FR\" \/>\n<meta property=\"og:type\" content=\"article\" \/>\n<meta property=\"og:title\" content=\"Madeira - Melia Madeira Mare\" \/>\n<meta property=\"og:description\" content=\"Com pre\u00e7os incr\u00edveis, o Hotel Meli\u00e1 Madeira Mare est\u00e1 apenas a dez minutos do centro do Funchal com uma vista deslumbrante sobre o Atl\u00e2ntico.\" \/>\n<meta property=\"og:url\" content=\"https:\/\/www.meliamadeira.com\/fr\/madeira\/\" \/>\n<meta property=\"og:site_name\" content=\"Melia Madeira Mare\" \/>\n<meta property=\"article:publisher\" content=\"https:\/\/www.facebook.com\/meliamadeiramare\" \/>\n<meta property=\"article:modified_time\" content=\"2026-03-25T09:40:11+00:00\" \/>\n<meta property=\"og:image\" content=\"https:\/\/www.meliamadeira.com\/wp-content\/uploads\/sites\/22\/elementor\/thumbs\/MMM_funchal_destino-1-qtzxsr8rdtbwe4p5clmyqydbrv5kcos2tyvqxlou2w.jpg\" \/>\n<meta name=\"twitter:card\" content=\"summary_large_image\" \/>\n<meta name=\"twitter:label1\" content=\"Dur\u00e9e de lecture estim\u00e9e\" \/>\n\t<meta name=\"twitter:data1\" content=\"16 minutes\" \/>\n<script type=\"application\/ld+json\" class=\"yoast-schema-graph\">{\"@context\":\"https:\/\/schema.org\",\"@graph\":[{\"@type\":\"WebPage\",\"@id\":\"https:\/\/www.meliamadeira.com\/fr\/madeira\/\",\"url\":\"https:\/\/www.meliamadeira.com\/fr\/madeira\/\",\"name\":\"Madeira - Melia Madeira Mare\",\"isPartOf\":{\"@id\":\"https:\/\/www.meliamadeira.com\/fr\/#website\"},\"primaryImageOfPage\":{\"@id\":\"https:\/\/www.meliamadeira.com\/fr\/madeira\/#primaryimage\"},\"image\":{\"@id\":\"https:\/\/www.meliamadeira.com\/fr\/madeira\/#primaryimage\"},\"thumbnailUrl\":\"https:\/\/www.meliamadeira.com\/wp-content\/uploads\/sites\/22\/elementor\/thumbs\/MMM_funchal_destino-1-qtzxsr8rdtbwe4p5clmyqydbrv5kcos2tyvqxlou2w.jpg\",\"datePublished\":\"2023-12-19T12:17:38+00:00\",\"dateModified\":\"2026-03-25T09:40:11+00:00\",\"description\":\"Com pre\u00e7os incr\u00edveis, o Hotel Meli\u00e1 Madeira Mare est\u00e1 apenas a dez minutos do centro do Funchal com uma vista deslumbrante sobre o Atl\u00e2ntico.\",\"breadcrumb\":{\"@id\":\"https:\/\/www.meliamadeira.com\/fr\/madeira\/#breadcrumb\"},\"inLanguage\":\"fr-FR\",\"potentialAction\":[{\"@type\":\"ReadAction\",\"target\":[\"https:\/\/www.meliamadeira.com\/fr\/madeira\/\"]}]},{\"@type\":\"ImageObject\",\"inLanguage\":\"fr-FR\",\"@id\":\"https:\/\/www.meliamadeira.com\/fr\/madeira\/#primaryimage\",\"url\":\"https:\/\/www.meliamadeira.com\/wp-content\/uploads\/sites\/22\/elementor\/thumbs\/MMM_funchal_destino-1-qtzxsr8rdtbwe4p5clmyqydbrv5kcos2tyvqxlou2w.jpg\",\"contentUrl\":\"https:\/\/www.meliamadeira.com\/wp-content\/uploads\/sites\/22\/elementor\/thumbs\/MMM_funchal_destino-1-qtzxsr8rdtbwe4p5clmyqydbrv5kcos2tyvqxlou2w.jpg\"},{\"@type\":\"BreadcrumbList\",\"@id\":\"https:\/\/www.meliamadeira.com\/fr\/madeira\/#breadcrumb\",\"itemListElement\":[{\"@type\":\"ListItem\",\"position\":1,\"name\":\"In\u00edcio\",\"item\":\"https:\/\/www.meliamadeira.com\/fr\/\"},{\"@type\":\"ListItem\",\"position\":2,\"name\":\"Madeira\"}]},{\"@type\":\"WebSite\",\"@id\":\"https:\/\/www.meliamadeira.com\/fr\/#website\",\"url\":\"https:\/\/www.meliamadeira.com\/fr\/\",\"name\":\"Meli\u00e1 Madeira Mare\",\"description\":\"Resort &amp; Spa - H\u00f4tel 5 \u00e9toiles \u00e0 Funchal\",\"publisher\":{\"@id\":\"https:\/\/www.meliamadeira.com\/fr\/#organization\"},\"alternateName\":\"Meli\u00e1 Madeira Mare\",\"potentialAction\":[{\"@type\":\"SearchAction\",\"target\":{\"@type\":\"EntryPoint\",\"urlTemplate\":\"https:\/\/www.meliamadeira.com\/fr\/?s={search_term_string}\"},\"query-input\":{\"@type\":\"PropertyValueSpecification\",\"valueRequired\":true,\"valueName\":\"search_term_string\"}}],\"inLanguage\":\"fr-FR\"},{\"@type\":\"Organization\",\"@id\":\"https:\/\/www.meliamadeira.com\/fr\/#organization\",\"name\":\"Meli\u00e1 Madeira Mare\",\"alternateName\":\"Meli\u00e1 Madeira Mare\",\"url\":\"https:\/\/www.meliamadeira.com\/fr\/\",\"logo\":{\"@type\":\"ImageObject\",\"inLanguage\":\"fr-FR\",\"@id\":\"https:\/\/www.meliamadeira.com\/fr\/#\/schema\/logo\/image\/\",\"url\":\"https:\/\/www.meliamadeira.com\/wp-content\/uploads\/sites\/22\/2023\/11\/Melia_Madeira_Mare_Logo.png\",\"contentUrl\":\"https:\/\/www.meliamadeira.com\/wp-content\/uploads\/sites\/22\/2023\/11\/Melia_Madeira_Mare_Logo.png\",\"width\":138,\"height\":68,\"caption\":\"Meli\u00e1 Madeira Mare\"},\"image\":{\"@id\":\"https:\/\/www.meliamadeira.com\/fr\/#\/schema\/logo\/image\/\"},\"sameAs\":[\"https:\/\/www.facebook.com\/meliamadeiramare\",\"https:\/\/www.linkedin.com\/company\/hoti-hoteis\/\",\"https:\/\/www.tripadvisor.pt\/UserReviewEdit-g189167-d1107638-Melia_Madeira_Mare-Funchal_Madeira_Madeira_Islands.html\",\"https:\/\/www.youtube.com\/channel\/UCP0ugsnZVvziVrrstHe2gqg\"]}]}<\/script>\n<!-- \/ Yoast SEO plugin. -->","yoast_head_json":{"title":"Madeira - Melia Madeira Mare","description":"Com pre\u00e7os incr\u00edveis, o Hotel Meli\u00e1 Madeira Mare est\u00e1 apenas a dez minutos do centro do Funchal com uma vista deslumbrante sobre o Atl\u00e2ntico.","robots":{"index":"index","follow":"follow","max-snippet":"max-snippet:-1","max-image-preview":"max-image-preview:large","max-video-preview":"max-video-preview:-1"},"canonical":"https:\/\/www.meliamadeira.com\/fr\/madeira\/","og_locale":"fr_FR","og_type":"article","og_title":"Madeira - Melia Madeira Mare","og_description":"Com pre\u00e7os incr\u00edveis, o Hotel Meli\u00e1 Madeira Mare est\u00e1 apenas a dez minutos do centro do Funchal com uma vista deslumbrante sobre o Atl\u00e2ntico.","og_url":"https:\/\/www.meliamadeira.com\/fr\/madeira\/","og_site_name":"Melia Madeira Mare","article_publisher":"https:\/\/www.facebook.com\/meliamadeiramare","article_modified_time":"2026-03-25T09:40:11+00:00","og_image":[{"url":"https:\/\/www.meliamadeira.com\/wp-content\/uploads\/sites\/22\/elementor\/thumbs\/MMM_funchal_destino-1-qtzxsr8rdtbwe4p5clmyqydbrv5kcos2tyvqxlou2w.jpg","type":"","width":"","height":""}],"twitter_card":"summary_large_image","twitter_misc":{"Dur\u00e9e de lecture estim\u00e9e":"16 minutes"},"schema":{"@context":"https:\/\/schema.org","@graph":[{"@type":"WebPage","@id":"https:\/\/www.meliamadeira.com\/fr\/madeira\/","url":"https:\/\/www.meliamadeira.com\/fr\/madeira\/","name":"Madeira - Melia Madeira Mare","isPartOf":{"@id":"https:\/\/www.meliamadeira.com\/fr\/#website"},"primaryImageOfPage":{"@id":"https:\/\/www.meliamadeira.com\/fr\/madeira\/#primaryimage"},"image":{"@id":"https:\/\/www.meliamadeira.com\/fr\/madeira\/#primaryimage"},"thumbnailUrl":"https:\/\/www.meliamadeira.com\/wp-content\/uploads\/sites\/22\/elementor\/thumbs\/MMM_funchal_destino-1-qtzxsr8rdtbwe4p5clmyqydbrv5kcos2tyvqxlou2w.jpg","datePublished":"2023-12-19T12:17:38+00:00","dateModified":"2026-03-25T09:40:11+00:00","description":"Com pre\u00e7os incr\u00edveis, o Hotel Meli\u00e1 Madeira Mare est\u00e1 apenas a dez minutos do centro do Funchal com uma vista deslumbrante sobre o Atl\u00e2ntico.","breadcrumb":{"@id":"https:\/\/www.meliamadeira.com\/fr\/madeira\/#breadcrumb"},"inLanguage":"fr-FR","potentialAction":[{"@type":"ReadAction","target":["https:\/\/www.meliamadeira.com\/fr\/madeira\/"]}]},{"@type":"ImageObject","inLanguage":"fr-FR","@id":"https:\/\/www.meliamadeira.com\/fr\/madeira\/#primaryimage","url":"https:\/\/www.meliamadeira.com\/wp-content\/uploads\/sites\/22\/elementor\/thumbs\/MMM_funchal_destino-1-qtzxsr8rdtbwe4p5clmyqydbrv5kcos2tyvqxlou2w.jpg","contentUrl":"https:\/\/www.meliamadeira.com\/wp-content\/uploads\/sites\/22\/elementor\/thumbs\/MMM_funchal_destino-1-qtzxsr8rdtbwe4p5clmyqydbrv5kcos2tyvqxlou2w.jpg"},{"@type":"BreadcrumbList","@id":"https:\/\/www.meliamadeira.com\/fr\/madeira\/#breadcrumb","itemListElement":[{"@type":"ListItem","position":1,"name":"In\u00edcio","item":"https:\/\/www.meliamadeira.com\/fr\/"},{"@type":"ListItem","position":2,"name":"Madeira"}]},{"@type":"WebSite","@id":"https:\/\/www.meliamadeira.com\/fr\/#website","url":"https:\/\/www.meliamadeira.com\/fr\/","name":"Meli\u00e1 Madeira Mare","description":"Resort &amp; Spa - H\u00f4tel 5 \u00e9toiles \u00e0 Funchal","publisher":{"@id":"https:\/\/www.meliamadeira.com\/fr\/#organization"},"alternateName":"Meli\u00e1 Madeira Mare","potentialAction":[{"@type":"SearchAction","target":{"@type":"EntryPoint","urlTemplate":"https:\/\/www.meliamadeira.com\/fr\/?s={search_term_string}"},"query-input":{"@type":"PropertyValueSpecification","valueRequired":true,"valueName":"search_term_string"}}],"inLanguage":"fr-FR"},{"@type":"Organization","@id":"https:\/\/www.meliamadeira.com\/fr\/#organization","name":"Meli\u00e1 Madeira Mare","alternateName":"Meli\u00e1 Madeira Mare","url":"https:\/\/www.meliamadeira.com\/fr\/","logo":{"@type":"ImageObject","inLanguage":"fr-FR","@id":"https:\/\/www.meliamadeira.com\/fr\/#\/schema\/logo\/image\/","url":"https:\/\/www.meliamadeira.com\/wp-content\/uploads\/sites\/22\/2023\/11\/Melia_Madeira_Mare_Logo.png","contentUrl":"https:\/\/www.meliamadeira.com\/wp-content\/uploads\/sites\/22\/2023\/11\/Melia_Madeira_Mare_Logo.png","width":138,"height":68,"caption":"Meli\u00e1 Madeira Mare"},"image":{"@id":"https:\/\/www.meliamadeira.com\/fr\/#\/schema\/logo\/image\/"},"sameAs":["https:\/\/www.facebook.com\/meliamadeiramare","https:\/\/www.linkedin.com\/company\/hoti-hoteis\/","https:\/\/www.tripadvisor.pt\/UserReviewEdit-g189167-d1107638-Melia_Madeira_Mare-Funchal_Madeira_Madeira_Islands.html","https:\/\/www.youtube.com\/channel\/UCP0ugsnZVvziVrrstHe2gqg"]}]}},"_links":{"self":[{"href":"https:\/\/www.meliamadeira.com\/fr\/wp-json\/wp\/v2\/pages\/8049","targetHints":{"allow":["GET"]}}],"collection":[{"href":"https:\/\/www.meliamadeira.com\/fr\/wp-json\/wp\/v2\/pages"}],"about":[{"href":"https:\/\/www.meliamadeira.com\/fr\/wp-json\/wp\/v2\/types\/page"}],"author":[{"embeddable":true,"href":"https:\/\/www.meliamadeira.com\/fr\/wp-json\/wp\/v2\/users\/1"}],"replies":[{"embeddable":true,"href":"https:\/\/www.meliamadeira.com\/fr\/wp-json\/wp\/v2\/comments?post=8049"}],"version-history":[{"count":10,"href":"https:\/\/www.meliamadeira.com\/fr\/wp-json\/wp\/v2\/pages\/8049\/revisions"}],"predecessor-version":[{"id":24153,"href":"https:\/\/www.meliamadeira.com\/fr\/wp-json\/wp\/v2\/pages\/8049\/revisions\/24153"}],"wp:attachment":[{"href":"https:\/\/www.meliamadeira.com\/fr\/wp-json\/wp\/v2\/media?parent=8049"}],"curies":[{"name":"wp","href":"https:\/\/api.w.org\/{rel}","templated":true}]}}