{"id":6193,"date":"2023-12-19T12:17:38","date_gmt":"2023-12-19T12:17:38","guid":{"rendered":"https:\/\/basetryp.tryplisboacaparica.com\/lisboa-caparica\/"},"modified":"2026-03-25T09:39:56","modified_gmt":"2026-03-25T09:39:56","slug":"madeira","status":"publish","type":"page","link":"https:\/\/www.meliamadeira.com\/en\/madeira\/","title":{"rendered":"Madeira"},"content":{"rendered":"\t\t<div data-elementor-type=\"wp-page\" data-elementor-id=\"6193\" class=\"elementor elementor-6193 elementor-1997\" data-elementor-post-type=\"page\">\n\t\t\t\t<section class=\"elementor-element elementor-element-9d18320 e-con-full e-flex e-con e-parent\" data-id=\"9d18320\" data-element_type=\"container\" data-settings=\"{&quot;background_background&quot;:&quot;classic&quot;}\">\n\t\t<div class=\"elementor-element elementor-element-edc3c07 e-con-full e-flex e-con e-child\" data-id=\"edc3c07\" data-element_type=\"container\">\n\t\t\t\t<div class=\"elementor-element elementor-element-14f695f elementor-widget elementor-widget-heading\" data-id=\"14f695f\" data-element_type=\"widget\" data-widget_type=\"heading.default\">\n\t\t\t\t<div class=\"elementor-widget-container\">\n\t\t\t\t\t<h1 class=\"elementor-heading-title elementor-size-default\">Madeira<\/h1>\t\t\t\t<\/div>\n\t\t\t\t<\/div>\n\t\t\t\t<\/div>\n\t\t\t\t<\/section>\n\t\t<section class=\"elementor-element elementor-element-8e7a29a e-con-full e-flex e-con e-parent\" data-id=\"8e7a29a\" data-element_type=\"container\">\n\t\t\t\t<div class=\"elementor-element elementor-element-5428f0b elementor-widget elementor-widget-text-editor\" data-id=\"5428f0b\" data-element_type=\"widget\" data-widget_type=\"text-editor.default\">\n\t\t\t\t<div class=\"elementor-widget-container\">\n\t\t\t\t\t\t\t\t\t<p>Located in the Atlantic Ocean, Madeira Island is known for its stunning landscapes and mild climate all year round. With its impressive cliffs, forests and exotic flowers, Madeira is a dream destination for nature lovers. The capital, Funchal, is a vibrant city that mixes history with modernity. Strolling through the Mercado dos Lavradores, visiting Funchal Cathedral and exploring the botanical gardens are just some of the must-see attractions.<\/p><p>Madeira Island is also famous for its levadas, irrigation channels that wind through mountains and valleys, providing unique panoramic trails. For the more adventurous, Pico Ruivo offers a challenging hike with spectacular views from the highest point on the island.<\/p><p>Madeira has a rich cultural heritage, reflected in its lively festivals, such as Carnival and the Flower Festival, which attract visitors from all over the world. The local gastronomy is another strong point, with traditional dishes such as black scabbard fish with banana and Madeiran kebabs. Let&#8217;s not forget the famous Madeira wine, appreciated internationally.<\/p><p>In addition to its natural and cultural attractions, Madeira is an excellent starting point for exploring neighbouring islands such as Porto Santo, known for its golden beaches. With its unique combination of natural beauty, vibrant culture and delicious gastronomy, Madeira Island is an unforgettable destination for any traveller.<\/p>\t\t\t\t\t\t\t\t<\/div>\n\t\t\t\t<\/div>\n\t\t\t\t<\/section>\n\t\t<div class=\"elementor-element elementor-element-484e8bf e-con-full e-flex e-con e-parent\" data-id=\"484e8bf\" data-element_type=\"container\">\n\t\t\t\t<div class=\"elementor-element elementor-element-5b88a1e elementor-widget elementor-widget-heading\" data-id=\"5b88a1e\" data-element_type=\"widget\" data-widget_type=\"heading.default\">\n\t\t\t\t<div class=\"elementor-widget-container\">\n\t\t\t\t\t<h5 class=\"elementor-heading-title elementor-size-default\">Gallery<\/h5>\t\t\t\t<\/div>\n\t\t\t\t<\/div>\n\t\t\t\t<div class=\"elementor-element elementor-element-33fcce4 elementor-skin-carousel elementor-arrows-yes elementor-pagination-type-bullets elementor-pagination-position-outside elementor-widget elementor-widget-hoti-gallery-slider\" data-id=\"33fcce4\" data-element_type=\"widget\" data-settings=\"{&quot;slides_per_view&quot;:&quot;3&quot;,&quot;skin&quot;:&quot;carousel&quot;,&quot;effect&quot;:&quot;slide&quot;,&quot;show_arrows&quot;:&quot;yes&quot;,&quot;pagination&quot;:&quot;bullets&quot;,&quot;speed&quot;:500,&quot;autoplay&quot;:&quot;yes&quot;,&quot;autoplay_speed&quot;:5000,&quot;pause_on_hover&quot;:&quot;yes&quot;,&quot;pause_on_interaction&quot;:&quot;yes&quot;,&quot;space_between&quot;:{&quot;unit&quot;:&quot;px&quot;,&quot;size&quot;:10,&quot;sizes&quot;:[]},&quot;space_between_tablet_extra&quot;:{&quot;unit&quot;:&quot;px&quot;,&quot;size&quot;:10,&quot;sizes&quot;:[]},&quot;space_between_tablet&quot;:{&quot;unit&quot;:&quot;px&quot;,&quot;size&quot;:10,&quot;sizes&quot;:[]},&quot;space_between_mobile_extra&quot;:{&quot;unit&quot;:&quot;px&quot;,&quot;size&quot;:10,&quot;sizes&quot;:[]},&quot;space_between_mobile&quot;:{&quot;unit&quot;:&quot;px&quot;,&quot;size&quot;:10,&quot;sizes&quot;:[]}}\" data-widget_type=\"hoti-gallery-slider.default\">\n\t\t\t\t<div class=\"elementor-widget-container\">\n\t\t\t\t\t\t\t\t\t<div class=\"elementor-swiper\">\n\t\t\t\t\t<div class=\"elementor-main-swiper swiper\" role=\"region\" aria-roledescription=\"carousel\" aria-label=\"Slides\">\n\t\t\t\t<div class=\"swiper-wrapper\">\n\t\t\t\t\t\t\t\t\t\t\t<div class=\"swiper-slide\" role=\"group\" aria-roledescription=\"slide\">\n\t\t\t\t\t\t\t\t\t<div class=\"elementor-carousel-image landscape\" role=\"img\" aria-label=\"MMM_galeria_destino\" style=\"background-image: url(&#039;https:\/\/www.meliamadeira.com\/wp-content\/uploads\/sites\/22\/2024\/06\/MMM_galeria_destino.jpg&#039;)\">\r\n\r\n\t\t\t\r\n\t\t\t\t\t<\/div>\r\n\t\t\t\t\t\t\t\t<\/div>\n\t\t\t\t\t\t\t\t\t\t\t<div class=\"swiper-slide\" role=\"group\" aria-roledescription=\"slide\">\n\t\t\t\t\t\t\t\t\t<div class=\"elementor-carousel-image landscape\" role=\"img\" aria-label=\"MMM_galeria_destino_1\" style=\"background-image: url(&#039;https:\/\/www.meliamadeira.com\/wp-content\/uploads\/sites\/22\/2024\/06\/MMM_galeria_destino_1.jpg&#039;)\">\r\n\r\n\t\t\t\r\n\t\t\t\t\t<\/div>\r\n\t\t\t\t\t\t\t\t<\/div>\n\t\t\t\t\t\t\t\t\t\t\t<div class=\"swiper-slide\" role=\"group\" aria-roledescription=\"slide\">\n\t\t\t\t\t\t\t\t\t<div class=\"elementor-carousel-image landscape\" role=\"img\" aria-label=\"Galeria_home_MMM_2\" style=\"background-image: url(&#039;https:\/\/www.meliamadeira.com\/wp-content\/uploads\/sites\/22\/2023\/11\/Galeria_home_MMM_2.jpg&#039;)\">\r\n\r\n\t\t\t\r\n\t\t\t\t\t<\/div>\r\n\t\t\t\t\t\t\t\t<\/div>\n\t\t\t\t\t\t\t\t\t\t\t<div class=\"swiper-slide\" role=\"group\" aria-roledescription=\"slide\">\n\t\t\t\t\t\t\t\t\t<div class=\"elementor-carousel-image landscape\" role=\"img\" aria-label=\"Galeria_home_MMM_7\" style=\"background-image: url(&#039;https:\/\/www.meliamadeira.com\/wp-content\/uploads\/sites\/22\/2023\/11\/Galeria_home_MMM_7.jpg&#039;)\">\r\n\r\n\t\t\t\r\n\t\t\t\t\t<\/div>\r\n\t\t\t\t\t\t\t\t<\/div>\n\t\t\t\t\t\t\t\t\t\t\t<div class=\"swiper-slide\" role=\"group\" aria-roledescription=\"slide\">\n\t\t\t\t\t\t\t\t\t<div class=\"elementor-carousel-image landscape\" role=\"img\" aria-label=\"AdobeStock_462428122\" style=\"background-image: url(&#039;https:\/\/www.meliamadeira.com\/wp-content\/uploads\/sites\/22\/2023\/11\/AdobeStock_462428122.jpg&#039;)\">\r\n\r\n\t\t\t\r\n\t\t\t\t\t<\/div>\r\n\t\t\t\t\t\t\t\t<\/div>\n\t\t\t\t\t\t\t\t\t\t\t<div class=\"swiper-slide\" role=\"group\" aria-roledescription=\"slide\">\n\t\t\t\t\t\t\t\t\t<div class=\"elementor-carousel-image landscape\" role=\"img\" aria-label=\"Galeria_home_MMM_1\" style=\"background-image: url(&#039;https:\/\/www.meliamadeira.com\/wp-content\/uploads\/sites\/22\/2023\/11\/Galeria_home_MMM_1.jpg&#039;)\">\r\n\r\n\t\t\t\r\n\t\t\t\t\t<\/div>\r\n\t\t\t\t\t\t\t\t<\/div>\n\t\t\t\t\t\t\t\t\t<\/div>\n\t\t\t\t\t\t\t\t\t\t\t\t\t\t\t<div class=\"elementor-swiper-button elementor-swiper-button-prev\" role=\"button\" tabindex=\"0\" aria-label=\"Previous\">\n\t\t\t\t\t\t\t<i aria-hidden=\"true\" class=\"eicon-chevron-left\"><\/i>\t\t\t\t\t\t<\/div>\n\t\t\t\t\t\t<div class=\"elementor-swiper-button elementor-swiper-button-next\" role=\"button\" tabindex=\"0\" aria-label=\"Next\">\n\t\t\t\t\t\t\t<i aria-hidden=\"true\" class=\"eicon-chevron-right\"><\/i>\t\t\t\t\t\t<\/div>\n\t\t\t\t\t\t\t\t\t\t\t\t\t\t\t\t<div class=\"swiper-pagination\"><\/div>\n\t\t\t\t\t\t\t\t\t\t\t\t<\/div>\n\t\t\t\t<\/div>\n\t\t\t\t\t\t\t\t<\/div>\n\t\t\t\t<\/div>\n\t\t\t\t<\/div>\n\t\t<section class=\"elementor-element elementor-element-5be6fa1 e-con-full e-flex e-con e-parent\" data-id=\"5be6fa1\" data-element_type=\"container\">\n\t\t<div class=\"elementor-element elementor-element-637ccd9 e-con-full e-flex e-con e-child\" data-id=\"637ccd9\" data-element_type=\"container\">\n\t\t<div class=\"elementor-element elementor-element-55df4ad e-con-full e-flex e-con e-child\" data-id=\"55df4ad\" data-element_type=\"container\">\n\t\t\t\t<div class=\"elementor-element elementor-element-650bc2a elementor-widget elementor-widget-heading\" data-id=\"650bc2a\" data-element_type=\"widget\" data-widget_type=\"heading.default\">\n\t\t\t\t<div class=\"elementor-widget-container\">\n\t\t\t\t\t<h2 class=\"elementor-heading-title elementor-size-default\">EXPLORING<\/h2>\t\t\t\t<\/div>\n\t\t\t\t<\/div>\n\t\t\t\t<div class=\"elementor-element elementor-element-1062144 elementor-widget elementor-widget-heading\" data-id=\"1062144\" data-element_type=\"widget\" data-widget_type=\"heading.default\">\n\t\t\t\t<div class=\"elementor-widget-container\">\n\t\t\t\t\t<h2 class=\"elementor-heading-title elementor-size-default\">MADEIRA ISLAND<\/h2>\t\t\t\t<\/div>\n\t\t\t\t<\/div>\n\t\t\t\t<div class=\"elementor-element elementor-element-da84be1 elementor-widget__width-initial elementor-widget elementor-widget-text-editor\" data-id=\"da84be1\" data-element_type=\"widget\" data-widget_type=\"text-editor.default\">\n\t\t\t\t<div class=\"elementor-widget-container\">\n\t\t\t\t\t\t\t\t\t<ul><li>Discover an island of lush landscapes and mild climate, where stunning nature meets cultural heritage.<\/li><li>Explore the levada trails and marvel at the panoramic views over Pico Ruivo and other spectacular viewpoints.<\/li><li>Visit the enchanting botanical gardens and walk through the historic streets of Funchal, the island&#8217;s capital.<\/li><li>Take part in the colourful festivals and cultural events that animate Madeira all year round, such as Carnival and the Flower Festival.<\/li><li>For sports lovers, Madeira offers a variety of outdoor activities, including hiking, golf and water sports in its crystal-clear waters.<\/li><li>Enjoy traditional dishes such as black scabbard fish with banana and Madeiran kebabs, and be sure to try Madeira&#8217;s exclusive wine.<\/li><\/ul>\t\t\t\t\t\t\t\t<\/div>\n\t\t\t\t<\/div>\n\t\t\t\t<\/div>\n\t\t\t\t<\/div>\n\t\t<div class=\"elementor-element elementor-element-65d27bb e-con-full e-flex e-con e-child\" data-id=\"65d27bb\" data-element_type=\"container\" data-settings=\"{&quot;background_background&quot;:&quot;classic&quot;}\">\n\t\t\t\t<div class=\"elementor-element elementor-element-bcfdf42 elementor-widget elementor-widget-spacer\" data-id=\"bcfdf42\" data-element_type=\"widget\" data-widget_type=\"spacer.default\">\n\t\t\t\t<div class=\"elementor-widget-container\">\n\t\t\t\t\t\t\t<div class=\"elementor-spacer\">\n\t\t\t<div class=\"elementor-spacer-inner\"><\/div>\n\t\t<\/div>\n\t\t\t\t\t\t<\/div>\n\t\t\t\t<\/div>\n\t\t\t\t<\/div>\n\t\t\t\t<\/section>\n\t\t<section class=\"elementor-element elementor-element-540cb73 e-con-full e-flex e-con e-parent\" data-id=\"540cb73\" data-element_type=\"container\">\n\t\t<div class=\"elementor-element elementor-element-e3e1f7c e-con-full e-flex e-con e-child\" data-id=\"e3e1f7c\" data-element_type=\"container\" data-settings=\"{&quot;background_background&quot;:&quot;classic&quot;}\">\n\t\t\t\t<div class=\"elementor-element elementor-element-917d9c4 elementor-widget elementor-widget-spacer\" data-id=\"917d9c4\" data-element_type=\"widget\" data-widget_type=\"spacer.default\">\n\t\t\t\t<div class=\"elementor-widget-container\">\n\t\t\t\t\t\t\t<div class=\"elementor-spacer\">\n\t\t\t<div class=\"elementor-spacer-inner\"><\/div>\n\t\t<\/div>\n\t\t\t\t\t\t<\/div>\n\t\t\t\t<\/div>\n\t\t\t\t<\/div>\n\t\t<div class=\"elementor-element elementor-element-75fb5c0 e-con-full e-flex e-con e-child\" data-id=\"75fb5c0\" data-element_type=\"container\">\n\t\t<div class=\"elementor-element elementor-element-5fdd577 e-con-full e-flex e-con e-child\" data-id=\"5fdd577\" data-element_type=\"container\">\n\t\t\t\t<div class=\"elementor-element elementor-element-3395003 elementor-widget elementor-widget-heading\" data-id=\"3395003\" data-element_type=\"widget\" data-widget_type=\"heading.default\">\n\t\t\t\t<div class=\"elementor-widget-container\">\n\t\t\t\t\t<h2 class=\"elementor-heading-title elementor-size-default\">FEELING THE ISLAND<\/h2>\t\t\t\t<\/div>\n\t\t\t\t<\/div>\n\t\t\t\t<div class=\"elementor-element elementor-element-eb30610 elementor-widget elementor-widget-heading\" data-id=\"eb30610\" data-element_type=\"widget\" data-widget_type=\"heading.default\">\n\t\t\t\t<div class=\"elementor-widget-container\">\n\t\t\t\t\t<h2 class=\"elementor-heading-title elementor-size-default\">OF MADEIRA<\/h2>\t\t\t\t<\/div>\n\t\t\t\t<\/div>\n\t\t\t\t<div class=\"elementor-element elementor-element-ca4faff elementor-widget elementor-widget-text-editor\" data-id=\"ca4faff\" data-element_type=\"widget\" data-widget_type=\"text-editor.default\">\n\t\t\t\t<div class=\"elementor-widget-container\">\n\t\t\t\t\t\t\t\t\t<p>Located in the middle of the Atlantic Ocean, Madeira is an island rooted in nature, culture and tradition. Known as the &#8220;Pearl of the Atlantic&#8221;, this island offers a unique experience to those who visit it. Recognised for its impressive gardens, landscapes and gastronomy, Madeira is an ideal island for outdoor activities such as hiking, but also for relaxing on a beautiful sunny day. For food lovers, Madeira is a true paradise. Try typical dishes such as bolo do caco, the Madeiran kebab, and savour the famous Madeira wine.<\/p>\t\t\t\t\t\t\t\t<\/div>\n\t\t\t\t<\/div>\n\t\t\t\t<\/div>\n\t\t\t\t<\/div>\n\t\t\t\t<\/section>\n\t\t<div class=\"elementor-element elementor-element-6d9b414 e-con-full e-flex e-con e-parent\" data-id=\"6d9b414\" data-element_type=\"container\">\n\t\t\t\t<div class=\"elementor-element elementor-element-cbaed58 elementor-widget elementor-widget-heading\" data-id=\"cbaed58\" data-element_type=\"widget\" data-widget_type=\"heading.default\">\n\t\t\t\t<div class=\"elementor-widget-container\">\n\t\t\t\t\t<h5 class=\"elementor-heading-title elementor-size-default\">What to see and do<\/h5>\t\t\t\t<\/div>\n\t\t\t\t<\/div>\n\t\t<div class=\"elementor-element elementor-element-b346bc2 e-con-full e-flex e-con e-child\" data-id=\"b346bc2\" data-element_type=\"container\">\n\t\t\t\t<div class=\"elementor-element elementor-element-1befcd8 elementor-widget elementor-widget-n-carousel\" data-id=\"1befcd8\" data-element_type=\"widget\" data-settings=\"{&quot;carousel_items&quot;:[{&quot;slide_title&quot;:&quot;Slide #1&quot;,&quot;_id&quot;:&quot;bc1ad8d&quot;},{&quot;slide_title&quot;:&quot;Slide #2&quot;,&quot;_id&quot;:&quot;817f723&quot;},{&quot;slide_title&quot;:&quot;Slide #3&quot;,&quot;_id&quot;:&quot;f0475f9&quot;},{&quot;_id&quot;:&quot;ca82639&quot;,&quot;slide_title&quot;:&quot;Slide #4&quot;},{&quot;_id&quot;:&quot;dcd3a53&quot;,&quot;slide_title&quot;:&quot;Slide #5&quot;},{&quot;_id&quot;:&quot;1ad02a3&quot;,&quot;slide_title&quot;:&quot;Slide #6&quot;},{&quot;_id&quot;:&quot;63a41e2&quot;,&quot;slide_title&quot;:&quot;Slide #7&quot;}],&quot;slides_to_show&quot;:&quot;4&quot;,&quot;image_spacing_custom&quot;:{&quot;unit&quot;:&quot;px&quot;,&quot;size&quot;:&quot;30&quot;,&quot;sizes&quot;:[]},&quot;slides_to_show_mobile_extra&quot;:&quot;1&quot;,&quot;slides_to_scroll_mobile_extra&quot;:&quot;1&quot;,&quot;slides_to_show_tablet&quot;:&quot;2&quot;,&quot;slides_to_show_mobile&quot;:&quot;1&quot;,&quot;autoplay&quot;:&quot;yes&quot;,&quot;autoplay_speed&quot;:5000,&quot;pause_on_hover&quot;:&quot;yes&quot;,&quot;pause_on_interaction&quot;:&quot;yes&quot;,&quot;speed&quot;:500,&quot;image_spacing_custom_tablet_extra&quot;:{&quot;unit&quot;:&quot;px&quot;,&quot;size&quot;:&quot;&quot;,&quot;sizes&quot;:[]},&quot;image_spacing_custom_tablet&quot;:{&quot;unit&quot;:&quot;px&quot;,&quot;size&quot;:&quot;&quot;,&quot;sizes&quot;:[]},&quot;image_spacing_custom_mobile_extra&quot;:{&quot;unit&quot;:&quot;px&quot;,&quot;size&quot;:&quot;&quot;,&quot;sizes&quot;:[]},&quot;image_spacing_custom_mobile&quot;:{&quot;unit&quot;:&quot;px&quot;,&quot;size&quot;:&quot;&quot;,&quot;sizes&quot;:[]}}\" data-widget_type=\"nested-carousel.default\">\n\t\t\t\t<div class=\"elementor-widget-container\">\n\t\t\t\t\t\t\t<div class=\"e-n-carousel swiper\" role=\"region\" aria-roledescription=\"carousel\" aria-label=\"Carousel\" dir=\"ltr\">\n\t\t\t<div class=\"swiper-wrapper\" aria-live=\"off\">\n\t\t\t\t\t\t\t\t\t\t<div class=\"swiper-slide\" data-slide=\"1\" role=\"group\" aria-roledescription=\"slide\" aria-label=\"1 of 7\">\n\t\t\t\t\t\t\t<div class=\"elementor-element elementor-element-dfe9ffa e-flex e-con-boxed e-con e-child\" data-id=\"dfe9ffa\" data-element_type=\"container\">\n\t\t\t\t\t<div class=\"e-con-inner\">\n\t\t<div class=\"elementor-element elementor-element-912f06a e-con-full e-flex e-con e-child\" data-id=\"912f06a\" data-element_type=\"container\">\n\t\t\t\t<div class=\"elementor-element elementor-element-a38d0bd elementor-widget__width-initial elementor-position-top elementor-widget elementor-widget-image-box\" data-id=\"a38d0bd\" data-element_type=\"widget\" data-widget_type=\"image-box.default\">\n\t\t\t\t<div class=\"elementor-widget-container\">\n\t\t\t\t\t<div class=\"elementor-image-box-wrapper\"><figure class=\"elementor-image-box-img\"><img decoding=\"async\" src=\"https:\/\/www.meliamadeira.com\/wp-content\/uploads\/sites\/22\/elementor\/thumbs\/MMM_funchal_destino-1-qtzxsr8rdtbwe4p5clmyqydbrv5kcos2tyvqxlou2w.jpg\" title=\"MMM_funchal_destino.jpg\" alt=\"MMM_funchal_destino.jpg\" loading=\"lazy\" \/><\/figure><div class=\"elementor-image-box-content\"><h3 class=\"elementor-image-box-title\">Funchal<\/h3><p class=\"elementor-image-box-description\">The capital of the archipelago is located on the south coast of the island of Madeira, in a beautiful bay bathed by the warm waters of the Atlantic Ocean, surrounded by high green mountains and deep valleys. Discover what to see and what to visit in Funchal and make the most of what Madeira tourism has to offer.<\/p><\/div><\/div>\t\t\t\t<\/div>\n\t\t\t\t<\/div>\n\t\t\t\t<\/div>\n\t\t\t\t\t<\/div>\n\t\t\t\t<\/div>\n\t\t\t\t\t\t\t\t<\/div>\n\t\t\t\t\t\t\t\t\t\t\t<div class=\"swiper-slide\" data-slide=\"2\" role=\"group\" aria-roledescription=\"slide\" aria-label=\"2 of 7\">\n\t\t\t\t\t\t\t<div class=\"elementor-element elementor-element-3c48741 e-flex e-con-boxed e-con e-child\" data-id=\"3c48741\" data-element_type=\"container\">\n\t\t\t\t\t<div class=\"e-con-inner\">\n\t\t\t\t<div class=\"elementor-element elementor-element-56efc19 elementor-widget__width-initial elementor-position-top elementor-widget elementor-widget-image-box\" data-id=\"56efc19\" data-element_type=\"widget\" data-widget_type=\"image-box.default\">\n\t\t\t\t<div class=\"elementor-widget-container\">\n\t\t\t\t\t<div class=\"elementor-image-box-wrapper\"><figure class=\"elementor-image-box-img\"><img decoding=\"async\" src=\"https:\/\/www.meliamadeira.com\/wp-content\/uploads\/sites\/22\/elementor\/thumbs\/MMM_destino_costa_oeste-1-qtzxsr8rdtbwe4p5clmyqydbrv5kcos2tyvqxlou2w.jpg\" title=\"MMM_destino_costa_oeste.jpg\" alt=\"MMM_destino_costa_oeste.jpg\" loading=\"lazy\" \/><\/figure><div class=\"elementor-image-box-content\"><h3 class=\"elementor-image-box-title\">Costa Oeste<\/h3><p class=\"elementor-image-box-description\">The west coast is the sunniest part of the island of Madeira.\nBathed by a clear, warm sea, most of its different localities have attractive bathing areas that invite you to swim and snorkel. Sports enthusiasts will find Europe's best waves for surfing on the beaches of Jardim and Paul do Mar.\nAlso visit: Ponta do Sol and C\u00e2mara de Lobos.<\/p><\/div><\/div>\t\t\t\t<\/div>\n\t\t\t\t<\/div>\n\t\t\t\t\t<\/div>\n\t\t\t\t<\/div>\n\t\t\t\t\t\t\t\t<\/div>\n\t\t\t\t\t\t\t\t\t\t\t<div class=\"swiper-slide\" data-slide=\"3\" role=\"group\" aria-roledescription=\"slide\" aria-label=\"3 of 7\">\n\t\t\t\t\t\t\t<div class=\"elementor-element elementor-element-fe1b5b2 e-flex e-con-boxed e-con e-child\" data-id=\"fe1b5b2\" data-element_type=\"container\">\n\t\t\t\t\t<div class=\"e-con-inner\">\n\t\t\t\t<div class=\"elementor-element elementor-element-90b5f07 elementor-widget__width-initial elementor-position-top elementor-widget elementor-widget-image-box\" data-id=\"90b5f07\" data-element_type=\"widget\" data-widget_type=\"image-box.default\">\n\t\t\t\t<div class=\"elementor-widget-container\">\n\t\t\t\t\t<div class=\"elementor-image-box-wrapper\"><figure class=\"elementor-image-box-img\"><img decoding=\"async\" src=\"https:\/\/www.meliamadeira.com\/wp-content\/uploads\/sites\/22\/elementor\/thumbs\/MMM_destino_cestos-1-qtzxsr8rdtbwe4p5clmyqydbrv5kcos2tyvqxlou2w.jpg\" title=\"MMM_destino_cestos.jpg\" alt=\"MMM_destino_cestos.jpg\" loading=\"lazy\" \/><\/figure><div class=\"elementor-image-box-content\"><h3 class=\"elementor-image-box-title\">Baskets<\/h3><p class=\"elementor-image-box-description\">Madeira Island's baskets, known as \"carros de cesto\", are one of the island's most iconic and traditional attractions. Originating in the 19th century, these wicker baskets, mounted on wooden skids, offer a unique and exciting experience. Guided by \"carreiros\" dressed in traditional costumes, the baskets glide down a steep two-kilometre road from Monte to Funchal. This thrilling adventure not only provides an adrenaline rush, but also offers breathtaking panoramic views, combining tradition and fun in one experience.<\/p><\/div><\/div>\t\t\t\t<\/div>\n\t\t\t\t<\/div>\n\t\t\t\t\t<\/div>\n\t\t\t\t<\/div>\n\t\t\t\t\t\t\t\t<\/div>\n\t\t\t\t\t\t\t\t\t\t\t<div class=\"swiper-slide\" data-slide=\"4\" role=\"group\" aria-roledescription=\"slide\" aria-label=\"4 of 7\">\n\t\t\t\t\t\t\t<div class=\"elementor-element elementor-element-9898cde e-flex e-con-boxed e-con e-child\" data-id=\"9898cde\" data-element_type=\"container\">\n\t\t\t\t\t<div class=\"e-con-inner\">\n\t\t\t\t<div class=\"elementor-element elementor-element-2e1b644 elementor-widget__width-initial elementor-position-top elementor-widget elementor-widget-image-box\" data-id=\"2e1b644\" data-element_type=\"widget\" data-widget_type=\"image-box.default\">\n\t\t\t\t<div class=\"elementor-widget-container\">\n\t\t\t\t\t<div class=\"elementor-image-box-wrapper\"><figure class=\"elementor-image-box-img\"><img decoding=\"async\" src=\"https:\/\/www.meliamadeira.com\/wp-content\/uploads\/sites\/22\/elementor\/thumbs\/Galeria_home_MMM_6-qtzxsqax6zam2iqii38c6glv6ha74zochu89gbq894.jpg\" title=\"Galeria_home_MMM_6.jpg\" alt=\"Galeria_home_MMM_6.jpg\" loading=\"lazy\" \/><\/figure><div class=\"elementor-image-box-content\"><h3 class=\"elementor-image-box-title\">Gardens<\/h3><p class=\"elementor-image-box-description\">Madeira Island is a botanical paradise, with lush gardens displaying a vast diversity of exotic and endemic plants. The Madeira Botanical Garden in Funchal offers breathtaking views and a rich collection of flora. The Monte Palace Tropical Garden enchants with its tropical plants and ornamental ponds. The Palheiro gardens, or Blandy's Garden, are known for their camellias and flowers that bloom all year round. Each garden is an oasis of natural beauty and tranquillity.<\/p><\/div><\/div>\t\t\t\t<\/div>\n\t\t\t\t<\/div>\n\t\t\t\t\t<\/div>\n\t\t\t\t<\/div>\n\t\t\t\t\t\t\t\t<\/div>\n\t\t\t\t\t\t\t\t\t\t\t<div class=\"swiper-slide\" data-slide=\"5\" role=\"group\" aria-roledescription=\"slide\" aria-label=\"5 of 7\">\n\t\t\t\t\t\t\t<div class=\"elementor-element elementor-element-dbea28d e-flex e-con-boxed e-con e-child\" data-id=\"dbea28d\" data-element_type=\"container\">\n\t\t\t\t\t<div class=\"e-con-inner\">\n\t\t\t\t<div class=\"elementor-element elementor-element-a7ac22a elementor-widget__width-initial elementor-position-top elementor-widget elementor-widget-image-box\" data-id=\"a7ac22a\" data-element_type=\"widget\" data-widget_type=\"image-box.default\">\n\t\t\t\t<div class=\"elementor-widget-container\">\n\t\t\t\t\t<div class=\"elementor-image-box-wrapper\"><figure class=\"elementor-image-box-img\"><img decoding=\"async\" src=\"https:\/\/www.meliamadeira.com\/wp-content\/uploads\/sites\/22\/elementor\/thumbs\/MMM_destino_pico-1-qtzxsr8rdtbwe4p5clmyqydbrv5kcos2tyvqxlou2w.jpg\" title=\"MMM_destino_pico.jpg\" alt=\"MMM_destino_pico.jpg\" loading=\"lazy\" \/><\/figure><div class=\"elementor-image-box-content\"><h3 class=\"elementor-image-box-title\">Pico<\/h3><p class=\"elementor-image-box-description\">Pico Ruivo, the highest point on Madeira Island, rises majestically at an altitude of 1,862 metres, offering spectacular panoramic views that stretch across the entire island. Accessible via challenging trails, such as those from Pico do Arieiro, this destination is a paradise for lovers of hiking and nature. At the top, the sensation of being above the clouds is indescribable, providing an unrivalled reward for all those who venture to conquer it.<\/p><\/div><\/div>\t\t\t\t<\/div>\n\t\t\t\t<\/div>\n\t\t\t\t\t<\/div>\n\t\t\t\t<\/div>\n\t\t\t\t\t\t\t\t<\/div>\n\t\t\t\t\t\t\t\t\t\t\t<div class=\"swiper-slide\" data-slide=\"6\" role=\"group\" aria-roledescription=\"slide\" aria-label=\"6 of 7\">\n\t\t\t\t\t\t\t<div class=\"elementor-element elementor-element-993063c e-flex e-con-boxed e-con e-child\" data-id=\"993063c\" data-element_type=\"container\">\n\t\t\t\t\t<div class=\"e-con-inner\">\n\t\t\t\t<div class=\"elementor-element elementor-element-669390b elementor-widget__width-initial elementor-position-top elementor-widget elementor-widget-image-box\" data-id=\"669390b\" data-element_type=\"widget\" data-widget_type=\"image-box.default\">\n\t\t\t\t<div class=\"elementor-widget-container\">\n\t\t\t\t\t<div class=\"elementor-image-box-wrapper\"><figure class=\"elementor-image-box-img\"><img decoding=\"async\" src=\"https:\/\/www.meliamadeira.com\/wp-content\/uploads\/sites\/22\/elementor\/thumbs\/MMM_destino_teleferico-1-qtzxsr8rdtbwe4p5clmyqydbrv5kcos2tyvqxlou2w.jpg\" title=\"MMM_destino_teleferico.jpg\" alt=\"MMM_destino_teleferico.jpg\" loading=\"lazy\" \/><\/figure><div class=\"elementor-image-box-content\"><h3 class=\"elementor-image-box-title\">Cable Car<\/h3><p class=\"elementor-image-box-description\">Madeira Island's cable car offers an unforgettable experience, linking the city of Funchal to the enchanting Monte. During the journey, passengers are treated to breathtaking panoramic views of the city, the sea and the island's lush vegetation. This cable car journey not only provides a relaxing and scenic way to explore Madeira, but is also a unique opportunity to appreciate the natural beauty and landscape diversity of this paradisiacal destination.<\/p><\/div><\/div>\t\t\t\t<\/div>\n\t\t\t\t<\/div>\n\t\t\t\t\t<\/div>\n\t\t\t\t<\/div>\n\t\t\t\t\t\t\t\t<\/div>\n\t\t\t\t\t\t\t\t\t\t\t<div class=\"swiper-slide\" data-slide=\"7\" role=\"group\" aria-roledescription=\"slide\" aria-label=\"7 of 7\">\n\t\t\t\t\t\t\t<div class=\"elementor-element elementor-element-7bf44b0 e-flex e-con-boxed e-con e-child\" data-id=\"7bf44b0\" data-element_type=\"container\">\n\t\t\t\t\t<div class=\"e-con-inner\">\n\t\t\t\t<div class=\"elementor-element elementor-element-0fda4bc elementor-widget__width-initial elementor-position-top elementor-widget elementor-widget-image-box\" data-id=\"0fda4bc\" data-element_type=\"widget\" data-widget_type=\"image-box.default\">\n\t\t\t\t<div class=\"elementor-widget-container\">\n\t\t\t\t\t<div class=\"elementor-image-box-wrapper\"><figure class=\"elementor-image-box-img\"><img decoding=\"async\" src=\"https:\/\/www.meliamadeira.com\/wp-content\/uploads\/sites\/22\/elementor\/thumbs\/MMM_destino_golf-1-qtzxsr8rdtbwe4p5clmyqydbrv5kcos2tyvqxlou2w.jpg\" title=\"MMM_destino_golf.jpg\" alt=\"MMM_destino_golf.jpg\" loading=\"lazy\" \/><\/figure><div class=\"elementor-image-box-content\"><h3 class=\"elementor-image-box-title\">Golf<\/h3><p class=\"elementor-image-box-description\">The mild climate of the two islands, ideal for golf all year round, and the exceptionally beautiful scenery, have made it possible to build two golf courses in Madeira and one in Porto Santo. Since 1993, the Madeira Open, an integral part of the PGA European Tour, has been held in the archipelago at the beginning of spring.<\/p><\/div><\/div>\t\t\t\t<\/div>\n\t\t\t\t<\/div>\n\t\t\t\t\t<\/div>\n\t\t\t\t<\/div>\n\t\t\t\t\t\t\t\t<\/div>\n\t\t\t\t\t\t\t\t<\/div>\n\t\t<\/div>\n\t\t\t\t\t\t<\/div>\n\t\t\t\t<\/div>\n\t\t\t\t<\/div>\n\t\t\t\t<\/div>\n\t\t<div class=\"elementor-element elementor-element-ef147e1 e-con-full e-flex e-con e-parent\" data-id=\"ef147e1\" data-element_type=\"container\">\n\t\t\t\t<div class=\"elementor-element elementor-element-77cc4b2 elementor-widget elementor-widget-heading\" data-id=\"77cc4b2\" data-element_type=\"widget\" data-widget_type=\"heading.default\">\n\t\t\t\t<div class=\"elementor-widget-container\">\n\t\t\t\t\t<h5 class=\"elementor-heading-title elementor-size-default\">How to get to the hotel<\/h5>\t\t\t\t<\/div>\n\t\t\t\t<\/div>\n\t\t\t\t<\/div>\n\t\t<section class=\"elementor-element elementor-element-6ecac3e e-con-full e-flex e-con e-parent\" data-id=\"6ecac3e\" data-element_type=\"container\">\n\t\t<div class=\"elementor-element elementor-element-637ee9a e-con-full e-flex e-con e-child\" data-id=\"637ee9a\" data-element_type=\"container\">\n\t\t\t\t<div class=\"elementor-element elementor-element-ba2ca3b elementor-widget__width-initial elementor-view-default elementor-position-top elementor-mobile-position-top elementor-widget elementor-widget-icon-box\" data-id=\"ba2ca3b\" data-element_type=\"widget\" data-widget_type=\"icon-box.default\">\n\t\t\t\t<div class=\"elementor-widget-container\">\n\t\t\t\t\t\t\t<div class=\"elementor-icon-box-wrapper\">\n\n\t\t\t\t\t\t<div class=\"elementor-icon-box-icon\">\n\t\t\t\t<span  class=\"elementor-icon\">\n\t\t\t\t<i aria-hidden=\"true\" class=\"fal fa-plane\"><\/i>\t\t\t\t<\/span>\n\t\t\t<\/div>\n\t\t\t\n\t\t\t\t\t\t<div class=\"elementor-icon-box-content\">\n\n\t\t\t\t\t\t\t\t\t<h3 class=\"elementor-icon-box-title\">\n\t\t\t\t\t\t<span  >\n\t\t\t\t\t\t\tPlane\t\t\t\t\t\t<\/span>\n\t\t\t\t\t<\/h3>\n\t\t\t\t\n\t\t\t\t\t\t\t\t\t<p class=\"elementor-icon-box-description\">\n\t\t\t\t\t\tConnected to 45 airports and with a capacity to handle 3,500,000 passengers, Madeira Airport is a modern, safe, functional infrastructure where the availability and quality of services guarantee an excellent stay for its passengers.\nDaily connections between the cities of Lisbon and Funchal take 1h25m.\nDaily connections between the islands take around 15 minutes.\nThere are two airports in the archipelago: Madeira International Airport and Porto Santo Airport.\nThe hotel has up-to-date information on flights arriving and departing from Funchal and can also organise transfers for guests. Contact reception or ask for more information.\t\t\t\t\t<\/p>\n\t\t\t\t\n\t\t\t<\/div>\n\t\t\t\n\t\t<\/div>\n\t\t\t\t\t\t<\/div>\n\t\t\t\t<\/div>\n\t\t\t\t<\/div>\n\t\t<div class=\"elementor-element elementor-element-6de5a04 e-con-full e-flex e-con e-child\" data-id=\"6de5a04\" data-element_type=\"container\">\n\t\t\t\t<div class=\"elementor-element elementor-element-262a63b elementor-widget__width-initial elementor-view-default elementor-position-top elementor-mobile-position-top elementor-widget elementor-widget-icon-box\" data-id=\"262a63b\" data-element_type=\"widget\" data-widget_type=\"icon-box.default\">\n\t\t\t\t<div class=\"elementor-widget-container\">\n\t\t\t\t\t\t\t<div class=\"elementor-icon-box-wrapper\">\n\n\t\t\t\t\t\t<div class=\"elementor-icon-box-icon\">\n\t\t\t\t<span  class=\"elementor-icon\">\n\t\t\t\t<i aria-hidden=\"true\" class=\"fal fa-bus-alt\"><\/i>\t\t\t\t<\/span>\n\t\t\t<\/div>\n\t\t\t\n\t\t\t\t\t\t<div class=\"elementor-icon-box-content\">\n\n\t\t\t\t\t\t\t\t\t<h3 class=\"elementor-icon-box-title\">\n\t\t\t\t\t\t<span  >\n\t\t\t\t\t\t\tBus\t\t\t\t\t\t<\/span>\n\t\t\t\t\t<\/h3>\n\t\t\t\t\n\t\t\t\t\t\t\t\t\t<p class=\"elementor-icon-box-description\">\n\t\t\t\t\t\tIf you prefer to use public transport, there are several bus companies that can take you to the most important tourist attractions more cheaply.\nAll these companies have their terminals based in Funchal, so they are easily accessible.\t\t\t\t\t<\/p>\n\t\t\t\t\n\t\t\t<\/div>\n\t\t\t\n\t\t<\/div>\n\t\t\t\t\t\t<\/div>\n\t\t\t\t<\/div>\n\t\t\t\t<\/div>\n\t\t<div class=\"elementor-element elementor-element-5e1dbd8 e-con-full e-flex e-con e-child\" data-id=\"5e1dbd8\" data-element_type=\"container\">\n\t\t\t\t<div class=\"elementor-element elementor-element-4093eb6 elementor-widget__width-initial elementor-view-default elementor-position-top elementor-mobile-position-top elementor-widget elementor-widget-icon-box\" data-id=\"4093eb6\" data-element_type=\"widget\" data-widget_type=\"icon-box.default\">\n\t\t\t\t<div class=\"elementor-widget-container\">\n\t\t\t\t\t\t\t<div class=\"elementor-icon-box-wrapper\">\n\n\t\t\t\t\t\t<div class=\"elementor-icon-box-icon\">\n\t\t\t\t<span  class=\"elementor-icon\">\n\t\t\t\t<i aria-hidden=\"true\" class=\"fal fa-taxi\"><\/i>\t\t\t\t<\/span>\n\t\t\t<\/div>\n\t\t\t\n\t\t\t\t\t\t<div class=\"elementor-icon-box-content\">\n\n\t\t\t\t\t\t\t\t\t<h3 class=\"elementor-icon-box-title\">\n\t\t\t\t\t\t<span  >\n\t\t\t\t\t\t\tTaxi\t\t\t\t\t\t<\/span>\n\t\t\t\t\t<\/h3>\n\t\t\t\t\n\t\t\t\t\t\t\t\t\t<p class=\"elementor-icon-box-description\">\n\t\t\t\t\t\tTaxis are available at both Madeira and Porto Santo airports, at all the main hotels and in several different streets and squares. Ask for fare information before taking a taxi.\t\t\t\t\t<\/p>\n\t\t\t\t\n\t\t\t<\/div>\n\t\t\t\n\t\t<\/div>\n\t\t\t\t\t\t<\/div>\n\t\t\t\t<\/div>\n\t\t\t\t<\/div>\n\t\t<div class=\"elementor-element elementor-element-5800b7e e-con-full e-flex e-con e-child\" data-id=\"5800b7e\" data-element_type=\"container\">\n\t\t\t\t<div class=\"elementor-element elementor-element-51dbf57 elementor-widget__width-initial elementor-widget-tablet_extra__width-initial elementor-view-default elementor-position-top elementor-mobile-position-top elementor-widget elementor-widget-icon-box\" data-id=\"51dbf57\" data-element_type=\"widget\" data-widget_type=\"icon-box.default\">\n\t\t\t\t<div class=\"elementor-widget-container\">\n\t\t\t\t\t\t\t<div class=\"elementor-icon-box-wrapper\">\n\n\t\t\t\t\t\t<div class=\"elementor-icon-box-icon\">\n\t\t\t\t<span  class=\"elementor-icon\">\n\t\t\t\t<i aria-hidden=\"true\" class=\"fal fa-car\"><\/i>\t\t\t\t<\/span>\n\t\t\t<\/div>\n\t\t\t\n\t\t\t\t\t\t<div class=\"elementor-icon-box-content\">\n\n\t\t\t\t\t\t\t\t\t<h3 class=\"elementor-icon-box-title\">\n\t\t\t\t\t\t<span  >\n\t\t\t\t\t\t\tRent-a-Car\t\t\t\t\t\t<\/span>\n\t\t\t\t\t<\/h3>\n\t\t\t\t\n\t\t\t\t\t\t\t\t\t<p class=\"elementor-icon-box-description\">\n\t\t\t\t\t\tIf you don't want to be dependent on timetables, the island has a wide range of driverless car hire companies.\nYou can contact your travel agency or the hotel where you are staying.\t\t\t\t\t<\/p>\n\t\t\t\t\n\t\t\t<\/div>\n\t\t\t\n\t\t<\/div>\n\t\t\t\t\t\t<\/div>\n\t\t\t\t<\/div>\n\t\t\t\t<\/div>\n\t\t\t\t<\/section>\n\t\t<section class=\"elementor-element elementor-element-71af052 e-con-full e-flex e-con e-parent\" data-id=\"71af052\" data-element_type=\"container\">\n\t\t<div class=\"elementor-element elementor-element-d613357 e-con-full e-flex e-con e-child\" data-id=\"d613357\" data-element_type=\"container\">\n\t\t<div class=\"elementor-element elementor-element-97f47e6 e-con-full e-flex e-con e-child\" data-id=\"97f47e6\" data-element_type=\"container\">\n\t\t<div class=\"elementor-element elementor-element-2a90fad e-con-full e-flex e-con e-child\" data-id=\"2a90fad\" data-element_type=\"container\">\n\t\t\t\t<div class=\"elementor-element elementor-element-a5afca3 elementor-widget elementor-widget-heading\" data-id=\"a5afca3\" data-element_type=\"widget\" data-widget_type=\"heading.default\">\n\t\t\t\t<div class=\"elementor-widget-container\">\n\t\t\t\t\t<h2 class=\"elementor-heading-title elementor-size-default\">events<\/h2>\t\t\t\t<\/div>\n\t\t\t\t<\/div>\n\t\t\t\t<div class=\"elementor-element elementor-element-217b1b5 elementor-widget elementor-widget-heading\" data-id=\"217b1b5\" data-element_type=\"widget\" data-widget_type=\"heading.default\">\n\t\t\t\t<div class=\"elementor-widget-container\">\n\t\t\t\t\t<h2 class=\"elementor-heading-title elementor-size-default\">in Madeira<\/h2>\t\t\t\t<\/div>\n\t\t\t\t<\/div>\n\t\t\t\t<\/div>\n\t\t\t\t<\/div>\n\t\t<div class=\"elementor-element elementor-element-7da17e2 e-con-full e-flex e-con e-child\" data-id=\"7da17e2\" data-element_type=\"container\">\n\t\t\t\t<div class=\"elementor-element elementor-element-3ad7540 elementor-widget elementor-widget-n-carousel\" data-id=\"3ad7540\" data-element_type=\"widget\" data-settings=\"{&quot;carousel_items&quot;:[{&quot;slide_title&quot;:&quot;Slide #1&quot;,&quot;_id&quot;:&quot;bc1ad8d&quot;},{&quot;slide_title&quot;:&quot;Slide #2&quot;,&quot;_id&quot;:&quot;817f723&quot;},{&quot;_id&quot;:&quot;553f66f&quot;,&quot;slide_title&quot;:&quot;Slide #3&quot;}],&quot;slides_to_show&quot;:&quot;3&quot;,&quot;image_spacing_custom&quot;:{&quot;unit&quot;:&quot;px&quot;,&quot;size&quot;:&quot;30&quot;,&quot;sizes&quot;:[]},&quot;slides_to_show_mobile_extra&quot;:&quot;1&quot;,&quot;slides_to_scroll_mobile_extra&quot;:&quot;1&quot;,&quot;slides_to_show_tablet&quot;:&quot;2&quot;,&quot;slides_to_show_mobile&quot;:&quot;1&quot;,&quot;autoplay&quot;:&quot;yes&quot;,&quot;autoplay_speed&quot;:5000,&quot;pause_on_hover&quot;:&quot;yes&quot;,&quot;pause_on_interaction&quot;:&quot;yes&quot;,&quot;speed&quot;:500,&quot;image_spacing_custom_tablet_extra&quot;:{&quot;unit&quot;:&quot;px&quot;,&quot;size&quot;:&quot;&quot;,&quot;sizes&quot;:[]},&quot;image_spacing_custom_tablet&quot;:{&quot;unit&quot;:&quot;px&quot;,&quot;size&quot;:&quot;&quot;,&quot;sizes&quot;:[]},&quot;image_spacing_custom_mobile_extra&quot;:{&quot;unit&quot;:&quot;px&quot;,&quot;size&quot;:&quot;&quot;,&quot;sizes&quot;:[]},&quot;image_spacing_custom_mobile&quot;:{&quot;unit&quot;:&quot;px&quot;,&quot;size&quot;:&quot;&quot;,&quot;sizes&quot;:[]}}\" data-widget_type=\"nested-carousel.default\">\n\t\t\t\t<div class=\"elementor-widget-container\">\n\t\t\t\t\t\t\t<div class=\"e-n-carousel swiper\" role=\"region\" aria-roledescription=\"carousel\" aria-label=\"Carousel\" dir=\"ltr\">\n\t\t\t<div class=\"swiper-wrapper\" aria-live=\"off\">\n\t\t\t\t\t\t\t\t\t\t<div class=\"swiper-slide\" data-slide=\"1\" role=\"group\" aria-roledescription=\"slide\" aria-label=\"1 of 3\">\n\t\t\t\t\t\t\t<div class=\"elementor-element elementor-element-40632e3 e-flex e-con-boxed e-con e-child\" data-id=\"40632e3\" data-element_type=\"container\">\n\t\t\t\t\t<div class=\"e-con-inner\">\n\t\t<div class=\"elementor-element elementor-element-f5bd011 e-con-full e-flex e-con e-child\" data-id=\"f5bd011\" data-element_type=\"container\">\n\t\t\t\t<div class=\"elementor-element elementor-element-05e60f6 elementor-widget__width-initial elementor-position-top elementor-widget elementor-widget-image-box\" data-id=\"05e60f6\" data-element_type=\"widget\" data-widget_type=\"image-box.default\">\n\t\t\t\t<div class=\"elementor-widget-container\">\n\t\t\t\t\t<div class=\"elementor-image-box-wrapper\"><figure class=\"elementor-image-box-img\"><img decoding=\"async\" src=\"https:\/\/www.meliamadeira.com\/wp-content\/uploads\/sites\/22\/elementor\/thumbs\/MMM_destino_3-qtzxsr8rbme3u25ocgj12i7wqov6ze7uo1xdq6hq14.jpg\" title=\"MMM_destino_3\" alt=\"MMM_destino_3\" loading=\"lazy\" \/><\/figure><div class=\"elementor-image-box-content\"><h3 class=\"elementor-image-box-title\">Madeira Walking Festival<\/h3><p class=\"elementor-image-box-description\">If you like walking, come to Madeira in January and take part in a festival that takes you to discover breathtaking landscapes. This event, which takes place over five consecutive days through the levadas and footpaths of the islands of Madeira and Porto Santo, is an organised programme of group walks accompanied by expert guides.\nThere are 20 selected walking routes, all classified and recommended by the Regional Government of Madeira. Participants have a choice of four walks per day with varying levels of difficulty and duration.<\/p><\/div><\/div>\t\t\t\t<\/div>\n\t\t\t\t<\/div>\n\t\t\t\t<\/div>\n\t\t\t\t\t<\/div>\n\t\t\t\t<\/div>\n\t\t\t\t\t\t\t\t<\/div>\n\t\t\t\t\t\t\t\t\t\t\t<div class=\"swiper-slide\" data-slide=\"2\" role=\"group\" aria-roledescription=\"slide\" aria-label=\"2 of 3\">\n\t\t\t\t\t\t\t<div class=\"elementor-element elementor-element-036c9fe e-flex e-con-boxed e-con e-child\" data-id=\"036c9fe\" data-element_type=\"container\">\n\t\t\t\t\t<div class=\"e-con-inner\">\n\t\t\t\t<div class=\"elementor-element elementor-element-fe52e3f elementor-widget__width-initial elementor-position-top elementor-widget elementor-widget-image-box\" data-id=\"fe52e3f\" data-element_type=\"widget\" data-widget_type=\"image-box.default\">\n\t\t\t\t<div class=\"elementor-widget-container\">\n\t\t\t\t\t<div class=\"elementor-image-box-wrapper\"><figure class=\"elementor-image-box-img\"><img decoding=\"async\" src=\"https:\/\/www.meliamadeira.com\/wp-content\/uploads\/sites\/22\/elementor\/thumbs\/MMM_destino_5-qtzxsr8rbme3u25ocgj12i7wqov6ze7uo1xdq6hq14.jpg\" title=\"MMM_destino_5\" alt=\"MMM_destino_5\" loading=\"lazy\" \/><\/figure><div class=\"elementor-image-box-content\"><h3 class=\"elementor-image-box-title\">Flower Festival<\/h3><p class=\"elementor-image-box-description\">Every year there are festivities in honour of Madeira's flowers.\nOn the occasion of the Flower Festival, the main streets of Funchal are invaded by a parade of floats displaying a multitude of floral species, leaving soft perfumes in the air.\nOn the eve of the flower parade, thousands of children gather in Pra\u00e7a do Munic\u00edpio, where they lay a flower to build the so-called 'Wall of Hope'.\nAlongside these events, there are also various initiatives, including the construction of floral carpets, the Flower Exhibition in Largo da Restaura\u00e7\u00e3o, performances by folklore groups, classical music concerts and various variety shows.\nThe Hotel Melia Madeira Mare has prepared a programme specifically geared towards enjoying the festivities to the full.<\/p><\/div><\/div>\t\t\t\t<\/div>\n\t\t\t\t<\/div>\n\t\t\t\t\t<\/div>\n\t\t\t\t<\/div>\n\t\t\t\t\t\t\t\t<\/div>\n\t\t\t\t\t\t\t\t\t\t\t<div class=\"swiper-slide\" data-slide=\"3\" role=\"group\" aria-roledescription=\"slide\" aria-label=\"3 of 3\">\n\t\t\t\t\t\t\t<div class=\"elementor-element elementor-element-95a02b4 e-flex e-con-boxed e-con e-child\" data-id=\"95a02b4\" data-element_type=\"container\">\n\t\t\t\t\t<div class=\"e-con-inner\">\n\t\t<div class=\"elementor-element elementor-element-1b79d76 e-con-full e-flex e-con e-child\" data-id=\"1b79d76\" data-element_type=\"container\">\n\t\t\t\t<div class=\"elementor-element elementor-element-ca23a44 elementor-widget__width-initial elementor-position-top elementor-widget elementor-widget-image-box\" data-id=\"ca23a44\" data-element_type=\"widget\" data-widget_type=\"image-box.default\">\n\t\t\t\t<div class=\"elementor-widget-container\">\n\t\t\t\t\t<div class=\"elementor-image-box-wrapper\"><figure class=\"elementor-image-box-img\"><img decoding=\"async\" src=\"https:\/\/www.meliamadeira.com\/wp-content\/uploads\/sites\/22\/elementor\/thumbs\/MMM_destino_6-qtzxsr8rbme3u25ocgj12i7wqov6ze7uo1xdq6hq14.jpg\" title=\"MMM_destino_6\" alt=\"MMM_destino_6\" loading=\"lazy\" \/><\/figure><div class=\"elementor-image-box-content\"><h3 class=\"elementor-image-box-title\">Reveillon in Madeira<\/h3><p class=\"elementor-image-box-description\">At the stroke of twelve on 31 December, the skies are lit up with fire, colour and hope for the year ahead, which couldn't start better. Guinness World RecordsTM, the organisation that certifies world records, has awarded Madeira's New Year's Eve fireworks display the title of \"world's largest pyrotechnic show\". An ellipse of fireworks 6 kilometres long and 2.7 kilometres wide around the city of Funchal was the record achieved.\nThe Hotel Melia Madeira Mare has prepared a programme designed to help you enjoy a fantastic New Year's Eve in Madeira.<\/p><\/div><\/div>\t\t\t\t<\/div>\n\t\t\t\t<\/div>\n\t\t\t\t<\/div>\n\t\t\t\t\t<\/div>\n\t\t\t\t<\/div>\n\t\t\t\t\t\t\t\t<\/div>\n\t\t\t\t\t\t\t\t<\/div>\n\t\t<\/div>\n\t\t\t\t\t\t<\/div>\n\t\t\t\t<\/div>\n\t\t\t\t<\/div>\n\t\t\t\t<\/div>\n\t\t\t\t<\/section>\n\t\t\t\t<\/div>\n\t\t","protected":false},"excerpt":{"rendered":"<p>Madeira Located in the Atlantic Ocean, Madeira Island is known for its stunning landscapes and mild climate all year round. With its impressive cliffs, forests and exotic flowers, Madeira is a dream destination for nature lovers. The capital, Funchal, is a vibrant city that mixes history with modernity. Strolling through the Mercado dos Lavradores, visiting [&hellip;]<\/p>\n","protected":false},"author":1,"featured_media":0,"parent":0,"menu_order":0,"comment_status":"closed","ping_status":"closed","template":"","meta":{"_acf_changed":false,"footnotes":""},"class_list":["post-6193","page","type-page","status-publish","hentry"],"acf":[],"yoast_head":"<!-- This site is optimized with the Yoast SEO plugin v24.5 - https:\/\/yoast.com\/wordpress\/plugins\/seo\/ -->\n<title>Madeira - Meli\u00c1 Madeira Mare<\/title>\n<meta name=\"description\" content=\"Com pre\u00e7os incr\u00edveis, o Hotel Meli\u00e1 Madeira Mare est\u00e1 apenas a dez minutos do centro do Funchal com uma vista deslumbrante sobre o Atl\u00e2ntico.\" \/>\n<meta name=\"robots\" content=\"index, follow, max-snippet:-1, max-image-preview:large, max-video-preview:-1\" \/>\n<link rel=\"canonical\" href=\"https:\/\/www.meliamadeira.com\/en\/madeira\/\" \/>\n<meta property=\"og:locale\" content=\"en_US\" \/>\n<meta property=\"og:type\" content=\"article\" \/>\n<meta property=\"og:title\" content=\"Madeira - Meli\u00c1 Madeira Mare\" \/>\n<meta property=\"og:description\" content=\"Com pre\u00e7os incr\u00edveis, o Hotel Meli\u00e1 Madeira Mare est\u00e1 apenas a dez minutos do centro do Funchal com uma vista deslumbrante sobre o Atl\u00e2ntico.\" \/>\n<meta property=\"og:url\" content=\"https:\/\/www.meliamadeira.com\/en\/madeira\/\" \/>\n<meta property=\"og:site_name\" content=\"Meli\u00c1 Madeira Mare\" \/>\n<meta property=\"article:publisher\" content=\"https:\/\/www.facebook.com\/meliamadeiramare\" \/>\n<meta property=\"article:modified_time\" content=\"2026-03-25T09:39:56+00:00\" \/>\n<meta property=\"og:image\" content=\"https:\/\/www.meliamadeira.com\/wp-content\/uploads\/sites\/22\/elementor\/thumbs\/MMM_funchal_destino-1-qtzxsr8rdtbwe4p5clmyqydbrv5kcos2tyvqxlou2w.jpg\" \/>\n<meta name=\"twitter:card\" content=\"summary_large_image\" \/>\n<meta name=\"twitter:label1\" content=\"Est. reading time\" \/>\n\t<meta name=\"twitter:data1\" content=\"13 minutes\" \/>\n<script type=\"application\/ld+json\" class=\"yoast-schema-graph\">{\"@context\":\"https:\/\/schema.org\",\"@graph\":[{\"@type\":\"WebPage\",\"@id\":\"https:\/\/www.meliamadeira.com\/en\/madeira\/\",\"url\":\"https:\/\/www.meliamadeira.com\/en\/madeira\/\",\"name\":\"Madeira - Meli\u00c1 Madeira Mare\",\"isPartOf\":{\"@id\":\"https:\/\/www.meliamadeira.com\/en\/#website\"},\"primaryImageOfPage\":{\"@id\":\"https:\/\/www.meliamadeira.com\/en\/madeira\/#primaryimage\"},\"image\":{\"@id\":\"https:\/\/www.meliamadeira.com\/en\/madeira\/#primaryimage\"},\"thumbnailUrl\":\"https:\/\/www.meliamadeira.com\/wp-content\/uploads\/sites\/22\/elementor\/thumbs\/MMM_funchal_destino-1-qtzxsr8rdtbwe4p5clmyqydbrv5kcos2tyvqxlou2w.jpg\",\"datePublished\":\"2023-12-19T12:17:38+00:00\",\"dateModified\":\"2026-03-25T09:39:56+00:00\",\"description\":\"Com pre\u00e7os incr\u00edveis, o Hotel Meli\u00e1 Madeira Mare est\u00e1 apenas a dez minutos do centro do Funchal com uma vista deslumbrante sobre o Atl\u00e2ntico.\",\"breadcrumb\":{\"@id\":\"https:\/\/www.meliamadeira.com\/en\/madeira\/#breadcrumb\"},\"inLanguage\":\"en-US\",\"potentialAction\":[{\"@type\":\"ReadAction\",\"target\":[\"https:\/\/www.meliamadeira.com\/en\/madeira\/\"]}]},{\"@type\":\"ImageObject\",\"inLanguage\":\"en-US\",\"@id\":\"https:\/\/www.meliamadeira.com\/en\/madeira\/#primaryimage\",\"url\":\"https:\/\/www.meliamadeira.com\/wp-content\/uploads\/sites\/22\/elementor\/thumbs\/MMM_funchal_destino-1-qtzxsr8rdtbwe4p5clmyqydbrv5kcos2tyvqxlou2w.jpg\",\"contentUrl\":\"https:\/\/www.meliamadeira.com\/wp-content\/uploads\/sites\/22\/elementor\/thumbs\/MMM_funchal_destino-1-qtzxsr8rdtbwe4p5clmyqydbrv5kcos2tyvqxlou2w.jpg\"},{\"@type\":\"BreadcrumbList\",\"@id\":\"https:\/\/www.meliamadeira.com\/en\/madeira\/#breadcrumb\",\"itemListElement\":[{\"@type\":\"ListItem\",\"position\":1,\"name\":\"In\u00edcio\",\"item\":\"https:\/\/www.meliamadeira.com\/en\/\"},{\"@type\":\"ListItem\",\"position\":2,\"name\":\"Madeira\"}]},{\"@type\":\"WebSite\",\"@id\":\"https:\/\/www.meliamadeira.com\/en\/#website\",\"url\":\"https:\/\/www.meliamadeira.com\/en\/\",\"name\":\"Meli\u00e1 Madeira Mare\",\"description\":\"Resort &amp; Spa - 5 Star Hotel in Funchal\",\"publisher\":{\"@id\":\"https:\/\/www.meliamadeira.com\/en\/#organization\"},\"alternateName\":\"Meli\u00e1 Madeira Mare\",\"potentialAction\":[{\"@type\":\"SearchAction\",\"target\":{\"@type\":\"EntryPoint\",\"urlTemplate\":\"https:\/\/www.meliamadeira.com\/en\/?s={search_term_string}\"},\"query-input\":{\"@type\":\"PropertyValueSpecification\",\"valueRequired\":true,\"valueName\":\"search_term_string\"}}],\"inLanguage\":\"en-US\"},{\"@type\":\"Organization\",\"@id\":\"https:\/\/www.meliamadeira.com\/en\/#organization\",\"name\":\"Meli\u00e1 Madeira Mare\",\"alternateName\":\"Meli\u00e1 Madeira Mare\",\"url\":\"https:\/\/www.meliamadeira.com\/en\/\",\"logo\":{\"@type\":\"ImageObject\",\"inLanguage\":\"en-US\",\"@id\":\"https:\/\/www.meliamadeira.com\/en\/#\/schema\/logo\/image\/\",\"url\":\"https:\/\/www.meliamadeira.com\/wp-content\/uploads\/sites\/22\/2023\/11\/Melia_Madeira_Mare_Logo.png\",\"contentUrl\":\"https:\/\/www.meliamadeira.com\/wp-content\/uploads\/sites\/22\/2023\/11\/Melia_Madeira_Mare_Logo.png\",\"width\":138,\"height\":68,\"caption\":\"Meli\u00e1 Madeira Mare\"},\"image\":{\"@id\":\"https:\/\/www.meliamadeira.com\/en\/#\/schema\/logo\/image\/\"},\"sameAs\":[\"https:\/\/www.facebook.com\/meliamadeiramare\",\"https:\/\/www.linkedin.com\/company\/hoti-hoteis\/\",\"https:\/\/www.tripadvisor.pt\/UserReviewEdit-g189167-d1107638-Melia_Madeira_Mare-Funchal_Madeira_Madeira_Islands.html\",\"https:\/\/www.youtube.com\/channel\/UCP0ugsnZVvziVrrstHe2gqg\"]}]}<\/script>\n<!-- \/ Yoast SEO plugin. -->","yoast_head_json":{"title":"Madeira - Meli\u00c1 Madeira Mare","description":"Com pre\u00e7os incr\u00edveis, o Hotel Meli\u00e1 Madeira Mare est\u00e1 apenas a dez minutos do centro do Funchal com uma vista deslumbrante sobre o Atl\u00e2ntico.","robots":{"index":"index","follow":"follow","max-snippet":"max-snippet:-1","max-image-preview":"max-image-preview:large","max-video-preview":"max-video-preview:-1"},"canonical":"https:\/\/www.meliamadeira.com\/en\/madeira\/","og_locale":"en_US","og_type":"article","og_title":"Madeira - Meli\u00c1 Madeira Mare","og_description":"Com pre\u00e7os incr\u00edveis, o Hotel Meli\u00e1 Madeira Mare est\u00e1 apenas a dez minutos do centro do Funchal com uma vista deslumbrante sobre o Atl\u00e2ntico.","og_url":"https:\/\/www.meliamadeira.com\/en\/madeira\/","og_site_name":"Meli\u00c1 Madeira Mare","article_publisher":"https:\/\/www.facebook.com\/meliamadeiramare","article_modified_time":"2026-03-25T09:39:56+00:00","og_image":[{"url":"https:\/\/www.meliamadeira.com\/wp-content\/uploads\/sites\/22\/elementor\/thumbs\/MMM_funchal_destino-1-qtzxsr8rdtbwe4p5clmyqydbrv5kcos2tyvqxlou2w.jpg","type":"","width":"","height":""}],"twitter_card":"summary_large_image","twitter_misc":{"Est. reading time":"13 minutes"},"schema":{"@context":"https:\/\/schema.org","@graph":[{"@type":"WebPage","@id":"https:\/\/www.meliamadeira.com\/en\/madeira\/","url":"https:\/\/www.meliamadeira.com\/en\/madeira\/","name":"Madeira - Meli\u00c1 Madeira Mare","isPartOf":{"@id":"https:\/\/www.meliamadeira.com\/en\/#website"},"primaryImageOfPage":{"@id":"https:\/\/www.meliamadeira.com\/en\/madeira\/#primaryimage"},"image":{"@id":"https:\/\/www.meliamadeira.com\/en\/madeira\/#primaryimage"},"thumbnailUrl":"https:\/\/www.meliamadeira.com\/wp-content\/uploads\/sites\/22\/elementor\/thumbs\/MMM_funchal_destino-1-qtzxsr8rdtbwe4p5clmyqydbrv5kcos2tyvqxlou2w.jpg","datePublished":"2023-12-19T12:17:38+00:00","dateModified":"2026-03-25T09:39:56+00:00","description":"Com pre\u00e7os incr\u00edveis, o Hotel Meli\u00e1 Madeira Mare est\u00e1 apenas a dez minutos do centro do Funchal com uma vista deslumbrante sobre o Atl\u00e2ntico.","breadcrumb":{"@id":"https:\/\/www.meliamadeira.com\/en\/madeira\/#breadcrumb"},"inLanguage":"en-US","potentialAction":[{"@type":"ReadAction","target":["https:\/\/www.meliamadeira.com\/en\/madeira\/"]}]},{"@type":"ImageObject","inLanguage":"en-US","@id":"https:\/\/www.meliamadeira.com\/en\/madeira\/#primaryimage","url":"https:\/\/www.meliamadeira.com\/wp-content\/uploads\/sites\/22\/elementor\/thumbs\/MMM_funchal_destino-1-qtzxsr8rdtbwe4p5clmyqydbrv5kcos2tyvqxlou2w.jpg","contentUrl":"https:\/\/www.meliamadeira.com\/wp-content\/uploads\/sites\/22\/elementor\/thumbs\/MMM_funchal_destino-1-qtzxsr8rdtbwe4p5clmyqydbrv5kcos2tyvqxlou2w.jpg"},{"@type":"BreadcrumbList","@id":"https:\/\/www.meliamadeira.com\/en\/madeira\/#breadcrumb","itemListElement":[{"@type":"ListItem","position":1,"name":"In\u00edcio","item":"https:\/\/www.meliamadeira.com\/en\/"},{"@type":"ListItem","position":2,"name":"Madeira"}]},{"@type":"WebSite","@id":"https:\/\/www.meliamadeira.com\/en\/#website","url":"https:\/\/www.meliamadeira.com\/en\/","name":"Meli\u00e1 Madeira Mare","description":"Resort &amp; Spa - 5 Star Hotel in Funchal","publisher":{"@id":"https:\/\/www.meliamadeira.com\/en\/#organization"},"alternateName":"Meli\u00e1 Madeira Mare","potentialAction":[{"@type":"SearchAction","target":{"@type":"EntryPoint","urlTemplate":"https:\/\/www.meliamadeira.com\/en\/?s={search_term_string}"},"query-input":{"@type":"PropertyValueSpecification","valueRequired":true,"valueName":"search_term_string"}}],"inLanguage":"en-US"},{"@type":"Organization","@id":"https:\/\/www.meliamadeira.com\/en\/#organization","name":"Meli\u00e1 Madeira Mare","alternateName":"Meli\u00e1 Madeira Mare","url":"https:\/\/www.meliamadeira.com\/en\/","logo":{"@type":"ImageObject","inLanguage":"en-US","@id":"https:\/\/www.meliamadeira.com\/en\/#\/schema\/logo\/image\/","url":"https:\/\/www.meliamadeira.com\/wp-content\/uploads\/sites\/22\/2023\/11\/Melia_Madeira_Mare_Logo.png","contentUrl":"https:\/\/www.meliamadeira.com\/wp-content\/uploads\/sites\/22\/2023\/11\/Melia_Madeira_Mare_Logo.png","width":138,"height":68,"caption":"Meli\u00e1 Madeira Mare"},"image":{"@id":"https:\/\/www.meliamadeira.com\/en\/#\/schema\/logo\/image\/"},"sameAs":["https:\/\/www.facebook.com\/meliamadeiramare","https:\/\/www.linkedin.com\/company\/hoti-hoteis\/","https:\/\/www.tripadvisor.pt\/UserReviewEdit-g189167-d1107638-Melia_Madeira_Mare-Funchal_Madeira_Madeira_Islands.html","https:\/\/www.youtube.com\/channel\/UCP0ugsnZVvziVrrstHe2gqg"]}]}},"_links":{"self":[{"href":"https:\/\/www.meliamadeira.com\/en\/wp-json\/wp\/v2\/pages\/6193","targetHints":{"allow":["GET"]}}],"collection":[{"href":"https:\/\/www.meliamadeira.com\/en\/wp-json\/wp\/v2\/pages"}],"about":[{"href":"https:\/\/www.meliamadeira.com\/en\/wp-json\/wp\/v2\/types\/page"}],"author":[{"embeddable":true,"href":"https:\/\/www.meliamadeira.com\/en\/wp-json\/wp\/v2\/users\/1"}],"replies":[{"embeddable":true,"href":"https:\/\/www.meliamadeira.com\/en\/wp-json\/wp\/v2\/comments?post=6193"}],"version-history":[{"count":10,"href":"https:\/\/www.meliamadeira.com\/en\/wp-json\/wp\/v2\/pages\/6193\/revisions"}],"predecessor-version":[{"id":24150,"href":"https:\/\/www.meliamadeira.com\/en\/wp-json\/wp\/v2\/pages\/6193\/revisions\/24150"}],"wp:attachment":[{"href":"https:\/\/www.meliamadeira.com\/en\/wp-json\/wp\/v2\/media?parent=6193"}],"curies":[{"name":"wp","href":"https:\/\/api.w.org\/{rel}","templated":true}]}}